{"id":26544,"date":"2022-05-14T11:36:51","date_gmt":"2022-05-14T09:36:51","guid":{"rendered":"https:\/\/next.streetchildrenofkinshasa.org\/?page_id=26544"},"modified":"2022-06-17T05:55:06","modified_gmt":"2022-06-17T03:55:06","slug":"la-stabilisation","status":"publish","type":"page","link":"https:\/\/www.streetchildrenofkinshasa.org\/fr\/home\/la-stabilisation\/","title":{"rendered":"La stabilisation"},"content":{"rendered":"\n<h3 class=\"has-text-align-center has-gray-color has-text-color wp-block-heading\"><em><strong><strong><strong>LES OUTILS DE STABILISATION DES ENFANTS R\u00c9UNIFI\u00c9S DANS LEUR FAMILLE<\/strong><\/strong><\/strong><\/em><\/h3>\n\n\n\n<div class=\"wp-block-columns are-vertically-aligned-bottom is-layout-flex wp-container-core-columns-is-layout-9d6595d7 wp-block-columns-is-layout-flex\">\n<div class=\"wp-block-column is-vertically-aligned-bottom is-layout-flow wp-block-column-is-layout-flow\">\n<blockquote class=\"wp-block-quote is-style-plain has-small-font-size is-layout-flow wp-block-quote-is-layout-flow\" style=\"line-height:1.7\"><p><em>La r\u00e9unification familiale de l\u2019enfant n\u2019est pas un objectif final, elle n\u2019est qu\u2019un moment dans un cheminement qui doit conduire \u00e0 une r\u00e9conciliation et \u00e0 une autonomisation de la famille. Si l&rsquo;\u00e9ducateur ne prend pas le temps de travailler \u00e0 l&rsquo;unit\u00e9 de la famille, il peut \u00eatre assur\u00e9 d&rsquo;un grand nombre d&rsquo;\u00e9checs puisque la situation familiale n&rsquo;a pas \u00e9volu\u00e9.<\/em><\/p><cite>JP Godding et A Mushiete, <em>M\u00e9thodologie de l&rsquo;Accompagnement des Enfants de la Rue \u00e0 Kinshasa<\/em><\/cite><\/blockquote>\n<\/div>\n\n\n\n<div class=\"wp-block-column is-vertically-aligned-bottom is-layout-flow wp-block-column-is-layout-flow\">\n<figure class=\"wp-block-gallery has-nested-images columns-2 is-cropped wp-block-gallery-1 is-layout-flex wp-block-gallery-is-layout-flex\">\n<figure class=\"wp-block-image size-full is-style-default\"><img loading=\"lazy\" decoding=\"async\" width=\"800\" height=\"800\" data-id=\"26565\" src=\"https:\/\/www.streetchildrenofkinshasa.org\/wp-content\/uploads\/2022\/05\/Visite-en-famille-06.jpg\" alt=\"\" class=\"wp-image-26565\" srcset=\"https:\/\/www.streetchildrenofkinshasa.org\/wp-content\/uploads\/2022\/05\/Visite-en-famille-06.jpg 800w, https:\/\/www.streetchildrenofkinshasa.org\/wp-content\/uploads\/2022\/05\/Visite-en-famille-06-300x300.jpg 300w, https:\/\/www.streetchildrenofkinshasa.org\/wp-content\/uploads\/2022\/05\/Visite-en-famille-06-150x150.jpg 150w, https:\/\/www.streetchildrenofkinshasa.org\/wp-content\/uploads\/2022\/05\/Visite-en-famille-06-768x768.jpg 768w\" sizes=\"auto, (max-width: 800px) 100vw, 800px\" \/><\/figure>\n<\/figure>\n<\/div>\n<\/div>\n\n\n\n<div class=\"wp-block-columns are-vertically-aligned-center is-layout-flex wp-container-core-columns-is-layout-9d6595d7 wp-block-columns-is-layout-flex\">\n<div class=\"wp-block-column is-vertically-aligned-center is-layout-flow wp-block-column-is-layout-flow\">\n<figure class=\"wp-block-gallery has-nested-images columns-2 is-cropped wp-block-gallery-2 is-layout-flex wp-block-gallery-is-layout-flex\">\n<figure class=\"wp-block-image size-full\"><img loading=\"lazy\" decoding=\"async\" width=\"800\" height=\"800\" data-id=\"26578\" src=\"https:\/\/www.streetchildrenofkinshasa.org\/wp-content\/uploads\/2022\/05\/Visite-en-famille-07.jpg\" alt=\"\" class=\"wp-image-26578\" srcset=\"https:\/\/www.streetchildrenofkinshasa.org\/wp-content\/uploads\/2022\/05\/Visite-en-famille-07.jpg 800w, https:\/\/www.streetchildrenofkinshasa.org\/wp-content\/uploads\/2022\/05\/Visite-en-famille-07-300x300.jpg 300w, https:\/\/www.streetchildrenofkinshasa.org\/wp-content\/uploads\/2022\/05\/Visite-en-famille-07-150x150.jpg 150w, https:\/\/www.streetchildrenofkinshasa.org\/wp-content\/uploads\/2022\/05\/Visite-en-famille-07-768x768.jpg 768w\" sizes=\"auto, (max-width: 800px) 100vw, 800px\" \/><\/figure>\n<\/figure>\n<\/div>\n\n\n\n<div class=\"wp-block-column is-vertically-aligned-center is-layout-flow wp-block-column-is-layout-flow\">\n<h4 class=\"has-text-align-center has-gray-color has-text-color wp-block-heading\"><strong><em><strong>1<sup>er<\/sup> OUTIL&nbsp;: LES VISITES EN FAMILLE&nbsp;<\/strong><\/em><\/strong><\/h4>\n\n\n\n<p class=\"has-small-font-size\" style=\"line-height:1.7\">Lors de la visite en famille l\u2019\u00e9ducateur doit \u00eatre d\u2019abord attentif \u00e0 l\u2019enfant&nbsp;pour s\u2019assurer qu\u2019il n\u2019ait pas rechut\u00e9. Il parle avec lui pour connaitre ses activit\u00e9s, ses projets, ses joies et ses soucis\u2026 Il v\u00e9rifie \u00e9galement comment se passent ses relations avec les membres de sa famille, ses proches dans la parcelle et dans le quartier\u2009? Se sent-il accueilli et en s\u00e9curit\u00e9\u2009? <\/p>\n\n\n\n<p class=\"has-small-font-size\" style=\"line-height:1.7\">Il s&rsquo;entretient aussi avec les membres de la famille de leurs soucis&nbsp;: la famille arrive-t-elle \u00e0 survivre\u2009? Rencontre-t-elle des difficult\u00e9s particuli\u00e8res ?<\/p>\n<\/div>\n<\/div>\n\n\n\n<div class=\"wp-block-group\"><div class=\"wp-block-group__inner-container is-layout-flow wp-block-group-is-layout-flow\">\n<div class=\"wp-block-columns alignwide are-vertically-aligned-center is-layout-flex wp-container-core-columns-is-layout-9d6595d7 wp-block-columns-is-layout-flex\">\n<div class=\"wp-block-column is-vertically-aligned-center is-layout-flow wp-block-column-is-layout-flow\">\n<h4 class=\"has-text-align-center has-gray-color has-text-color wp-block-heading\"><strong><em><strong>2<sup>e<\/sup>\u00a0OUTIL\u00a0: LA SCOLARISATION DE L&rsquo;ENFANT<\/strong> <\/em><\/strong><\/h4>\n\n\n\n<p class=\"has-small-font-size\" style=\"line-height:1.7\">La plupart des jeunes enfants sont motiv\u00e9s par l\u2019\u00e9cole&nbsp;: retrouver son uniforme scolaire pour un enfant, c\u2019est comme retrouver sa dignit\u00e9, c\u2019est retrouver l\u2019assurance qu\u2019il est redevenu un enfant comme les autres.<\/p>\n\n\n\n<p class=\"has-small-font-size\" style=\"line-height:1.7\">Lors de ses visites de suivi dans les \u00e9coles, l&rsquo;\u00e9ducateur \u00e9value l&rsquo;\u00e9volution de l&rsquo;enfant \u00e0 travers ses attitudes, sa propret\u00e9, sa politesse, etc. Il examine avec l&rsquo;enfant si celui-ci est satisfait de sa classe et de sa formation, s&rsquo;il rencontre des probl\u00e8mes et lesquels.<\/p>\n\n\n\n<p class=\"has-small-font-size\" style=\"line-height:1.7\">Il v\u00e9rifiera aussi l&rsquo;implication de la famille dans le suivi scolaire de l&rsquo;enfant : la r\u00e9ussite de la scolarisation en d\u00e9pend.<\/p>\n<\/div>\n\n\n\n<div class=\"wp-block-column is-vertically-aligned-center is-layout-flow wp-block-column-is-layout-flow\">\n<figure class=\"wp-block-gallery has-nested-images columns-2 is-cropped wp-block-gallery-3 is-layout-flex wp-block-gallery-is-layout-flex\">\n<figure class=\"wp-block-image size-full\"><img loading=\"lazy\" decoding=\"async\" width=\"800\" height=\"800\" data-id=\"26583\" src=\"https:\/\/www.streetchildrenofkinshasa.org\/wp-content\/uploads\/2022\/05\/Visite-dans-une-ecole.jpg\" alt=\"\" class=\"wp-image-26583\" srcset=\"https:\/\/www.streetchildrenofkinshasa.org\/wp-content\/uploads\/2022\/05\/Visite-dans-une-ecole.jpg 800w, https:\/\/www.streetchildrenofkinshasa.org\/wp-content\/uploads\/2022\/05\/Visite-dans-une-ecole-300x300.jpg 300w, https:\/\/www.streetchildrenofkinshasa.org\/wp-content\/uploads\/2022\/05\/Visite-dans-une-ecole-150x150.jpg 150w, https:\/\/www.streetchildrenofkinshasa.org\/wp-content\/uploads\/2022\/05\/Visite-dans-une-ecole-768x768.jpg 768w\" sizes=\"auto, (max-width: 800px) 100vw, 800px\" \/><\/figure>\n<\/figure>\n<\/div>\n<\/div>\n<\/div><\/div>\n\n\n\n<div class=\"wp-block-columns are-vertically-aligned-center is-layout-flex wp-container-core-columns-is-layout-9d6595d7 wp-block-columns-is-layout-flex\">\n<div class=\"wp-block-column is-vertically-aligned-center is-layout-flow wp-block-column-is-layout-flow\">\n<figure class=\"wp-block-gallery has-nested-images columns-2 is-cropped wp-block-gallery-4 is-layout-flex wp-block-gallery-is-layout-flex\">\n<figure class=\"wp-block-image size-full\"><img loading=\"lazy\" decoding=\"async\" width=\"800\" height=\"800\" data-id=\"26598\" src=\"https:\/\/www.streetchildrenofkinshasa.org\/wp-content\/uploads\/2022\/05\/CFP-garcons-ajusteurs-soudeurs-9.jpg\" alt=\"\" class=\"wp-image-26598\" srcset=\"https:\/\/www.streetchildrenofkinshasa.org\/wp-content\/uploads\/2022\/05\/CFP-garcons-ajusteurs-soudeurs-9.jpg 800w, https:\/\/www.streetchildrenofkinshasa.org\/wp-content\/uploads\/2022\/05\/CFP-garcons-ajusteurs-soudeurs-9-300x300.jpg 300w, https:\/\/www.streetchildrenofkinshasa.org\/wp-content\/uploads\/2022\/05\/CFP-garcons-ajusteurs-soudeurs-9-150x150.jpg 150w, https:\/\/www.streetchildrenofkinshasa.org\/wp-content\/uploads\/2022\/05\/CFP-garcons-ajusteurs-soudeurs-9-768x768.jpg 768w\" sizes=\"auto, (max-width: 800px) 100vw, 800px\" \/><\/figure>\n<\/figure>\n<\/div>\n\n\n\n<div class=\"wp-block-column is-vertically-aligned-center is-layout-flow wp-block-column-is-layout-flow\">\n<h4 class=\"has-text-align-center has-gray-color has-text-color wp-block-heading\"><strong><em><strong>3<sup>\u00e8me<\/sup>OUTIL&nbsp;: LA FORMATION PROFESSIONNELLE<\/strong> <\/em><\/strong><\/h4>\n\n\n\n<p class=\"has-small-font-size\" style=\"line-height:1.7\"><em>Sauf exception, nous proposons aux jeunes de plus de 15&nbsp;ans de passer en formation professionnelle.<\/em><\/p>\n\n\n\n<ul class=\"has-small-font-size wp-block-list\" style=\"line-height:1.7\"><li>Avant la formation : c&rsquo;est l&rsquo;\u00e9tape de la motivation du jeune et de sa famille ainsi que le choix d\u2019une orientation. Il s&rsquo;agit de rendre au jeune une image positive de lui-m\u00eame.<\/li><li>Durant la formation : le suivi de la qualit\u00e9 de la formation et de la r\u00e9gularit\u00e9 du jeune.<\/li><li>Apr\u00e8s la formation : l&rsquo;appui \u00e0 l\u2019insertion professionnelle dans une ville o\u00f9 il n\u2019existe que tr\u00e8s peu d\u2019opportunit\u00e9s dans le secteur formel et o\u00f9 le plus grand nombre doivent \u00eatre form\u00e9s pour se d\u00e9brouiller dans le secteur informel.<\/li><\/ul>\n<\/div>\n<\/div>\n\n\n\n<div class=\"wp-block-group\"><div class=\"wp-block-group__inner-container is-layout-flow wp-block-group-is-layout-flow\">\n<div class=\"wp-block-columns alignwide are-vertically-aligned-center is-layout-flex wp-container-core-columns-is-layout-9d6595d7 wp-block-columns-is-layout-flex\">\n<div class=\"wp-block-column is-vertically-aligned-center is-layout-flow wp-block-column-is-layout-flow\">\n<h4 class=\"has-text-align-center has-gray-color has-text-color wp-block-heading\"><strong><em><strong>4<sup>e<\/sup>&nbsp;OUTIL&nbsp;: LES AIDES PONCTUELLES<\/strong> <\/em><\/strong><\/h4>\n\n\n\n<p class=\"has-small-font-size\" style=\"line-height:1.7\">Lors des d\u00e9marches en vue de la r\u00e9unification familiale l&rsquo;\u00e9ducateur v\u00e9rifie \u00e9galement les conditions d\u2019accueil de l\u2019enfant. Beaucoup d\u2019enfants sont dans la rue principalement \u00e0 cause de la mis\u00e8re dans leur famille&nbsp;: non seulement la famille n\u2019a plus les moyens de prendre en charge leur scolarit\u00e9, mais il n\u2019y a rien \u00e0 manger et chaque membre de la famille doit se d\u00e9brouiller tout seul.<\/p>\n\n\n\n<p class=\"has-small-font-size\" style=\"line-height:1.7\">En principe, nous refusons un quelconque appui direct aux familles des enfants r\u00e9unifi\u00e9s pour \u00e9viter tout chemin de d\u00e9pendance. Toute aide donn\u00e9e peut conduire une famille \u00e0 penser qu\u2019elle pourra encore en recevoir une autre ensuite. C\u2019est pour cela que nous privil\u00e9gions l\u2019octroi d\u2019un microcr\u00e9dit en vue de rendre leur autonomie aux familles.<\/p>\n\n\n\n<p class=\"has-small-font-size\" style=\"line-height:1.7\">Mais, dans certains cas, la mis\u00e8re est totale&nbsp;: le papa a disparu, la maman est seule et sans ressource, ou bien c\u2019est une grand-m\u00e8re invalide qui prend en charge les enfants et, si l\u2019enfant r\u00e9unifi\u00e9 se retrouve dans ce cadre de mis\u00e8re totale, il ne tiendra pas deux jours avant de retourner dans la rue.<\/p>\n<\/div>\n\n\n\n<div class=\"wp-block-column is-vertically-aligned-center is-layout-flow wp-block-column-is-layout-flow\">\n<figure class=\"wp-block-gallery has-nested-images columns-2 is-cropped wp-block-gallery-5 is-layout-flex wp-block-gallery-is-layout-flex\">\n<figure class=\"wp-block-image size-full\"><img loading=\"lazy\" decoding=\"async\" width=\"800\" height=\"800\" data-id=\"26606\" src=\"https:\/\/www.streetchildrenofkinshasa.org\/wp-content\/uploads\/2022\/05\/Une-maman-et-son-enfant-malade.jpg\" alt=\"\" class=\"wp-image-26606\" srcset=\"https:\/\/www.streetchildrenofkinshasa.org\/wp-content\/uploads\/2022\/05\/Une-maman-et-son-enfant-malade.jpg 800w, https:\/\/www.streetchildrenofkinshasa.org\/wp-content\/uploads\/2022\/05\/Une-maman-et-son-enfant-malade-300x300.jpg 300w, https:\/\/www.streetchildrenofkinshasa.org\/wp-content\/uploads\/2022\/05\/Une-maman-et-son-enfant-malade-150x150.jpg 150w, https:\/\/www.streetchildrenofkinshasa.org\/wp-content\/uploads\/2022\/05\/Une-maman-et-son-enfant-malade-768x768.jpg 768w\" sizes=\"auto, (max-width: 800px) 100vw, 800px\" \/><\/figure>\n<\/figure>\n<\/div>\n<\/div>\n<\/div><\/div>\n\n\n\n<div class=\"wp-block-columns are-vertically-aligned-center is-layout-flex wp-container-core-columns-is-layout-9d6595d7 wp-block-columns-is-layout-flex\">\n<div class=\"wp-block-column is-vertically-aligned-center is-layout-flow wp-block-column-is-layout-flow\">\n<figure class=\"wp-block-gallery has-nested-images columns-2 is-cropped wp-block-gallery-6 is-layout-flex wp-block-gallery-is-layout-flex\">\n<figure class=\"wp-block-image size-full\"><img loading=\"lazy\" decoding=\"async\" width=\"800\" height=\"800\" data-id=\"26611\" src=\"https:\/\/www.streetchildrenofkinshasa.org\/wp-content\/uploads\/2022\/05\/Une-maman-et-son-petit-commerce.jpg\" alt=\"\" class=\"wp-image-26611\" srcset=\"https:\/\/www.streetchildrenofkinshasa.org\/wp-content\/uploads\/2022\/05\/Une-maman-et-son-petit-commerce.jpg 800w, https:\/\/www.streetchildrenofkinshasa.org\/wp-content\/uploads\/2022\/05\/Une-maman-et-son-petit-commerce-300x300.jpg 300w, https:\/\/www.streetchildrenofkinshasa.org\/wp-content\/uploads\/2022\/05\/Une-maman-et-son-petit-commerce-150x150.jpg 150w, https:\/\/www.streetchildrenofkinshasa.org\/wp-content\/uploads\/2022\/05\/Une-maman-et-son-petit-commerce-768x768.jpg 768w\" sizes=\"auto, (max-width: 800px) 100vw, 800px\" \/><\/figure>\n<\/figure>\n<\/div>\n\n\n\n<div class=\"wp-block-column is-vertically-aligned-center is-layout-flow wp-block-column-is-layout-flow\">\n<h4 class=\"has-text-align-center has-gray-color has-text-color wp-block-heading\"><strong><em><em><strong>5<sup>e<\/sup>&nbsp;OUTIL&nbsp;: L\u2019OCTROI D\u2019UN MICROCR\u00c9DIT<\/strong><\/em><\/em><\/strong><\/h4>\n\n\n\n<p class=\"has-small-font-size\" style=\"line-height:1.7\"><em>Un enfant qui est descendu dans la rue \u00e0 cause de la mis\u00e8re de la famille ne restera pas dans sa famille si la situation de mis\u00e8re n\u2019a pas chang\u00e9.<\/em><\/p>\n\n\n\n<p class=\"has-small-font-size\" style=\"line-height:1.7\">Parmi les outils de stabilisation des enfants r\u00e9unifi\u00e9s, le microcr\u00e9dit accord\u00e9 \u00e0 la maman responsable de l\u2019enfant est un \u00e9l\u00e9ment cl\u00e9. Ce microcr\u00e9dit fournit \u00e0 la maman les moyens de commencer, de reprendre ou de d\u00e9velopper une petite activit\u00e9 g\u00e9n\u00e9ratrice de revenus. Cela lui permettra de subvenir aux besoins de ses enfants et d\u2019am\u00e9liorer les conditions de vie de sa famille.<\/p>\n\n\n\n<p class=\"has-small-font-size\" style=\"line-height:1.7\">Apr\u00e8s l&rsquo;\u00e9tude du projet de la maman et une petite formation, un cr\u00e9dit est attribu\u00e9. Le premier montant est de 40 $ et, si le remboursement est r\u00e9gulier, un nouveau cr\u00e9dit d&rsquo;un montant de 50 $ \u00e0 100 $ maximum peut \u00eatre octroy\u00e9. La maman pourra r\u00e9guli\u00e8rement renouveler son microcr\u00e9dit pendant la p\u00e9riode de stabilisation de trois ans de l\u2019enfant.<\/p>\n<\/div>\n<\/div>\n\n\n\n<div class=\"wp-block-columns are-vertically-aligned-center is-layout-flex wp-container-core-columns-is-layout-9d6595d7 wp-block-columns-is-layout-flex\">\n<div class=\"wp-block-column is-vertically-aligned-center is-layout-flow wp-block-column-is-layout-flow\">\n<h4 class=\"has-text-align-center has-gray-color has-text-color wp-block-heading\"><strong><em><strong><strong>6<sup>e<\/sup>&nbsp;OUTIL&nbsp;: L\u2019OCTROI D\u2019UNE GARANTIE LOCATIVE<\/strong><\/strong><\/em><\/strong><\/h4>\n\n\n\n<p class=\"has-small-font-size\" style=\"line-height:1.7\">L\u2019\u00e9ducateur peut constater que l\u2019enfant ne pourra pas tenir dans les conditions de survie de la famille. Soit le logement familial est trop petit pour une famille de plusieurs enfants, soit le logement est insalubre, ou sujet \u00e0 des inondations r\u00e9guli\u00e8res\u2009; ou alors l\u2019enfant est rejet\u00e9 par les voisins du quartier.<\/p>\n\n\n\n<p class=\"has-small-font-size\" style=\"line-height:1.7\">Dans certains cas, les familles peuvent trouver le loyer mensuel (20&nbsp;$ \u00e0 30&nbsp;$), mais ne peuvent pas assumer la garantie locative de six \u00e0 dix mois de loyer que le propri\u00e9taire leur demande, et donc restent bloqu\u00e9es dans un logement insalubre.<\/p>\n\n\n\n<p class=\"has-small-font-size\" style=\"line-height:1.7\">Cet outil a \u00e9t\u00e9 mis au point pour favoriser la r\u00e9unification familiale et la stabilisation de l\u2019enfant dans sa famille. La garantie locative est vers\u00e9e directement au propri\u00e9taire du logement. Son plafond est actuellement de 150&nbsp;$, elle n\u2019est pas un cr\u00e9dit, mais un appui direct de notre structure.<\/p>\n<\/div>\n\n\n\n<div class=\"wp-block-column is-vertically-aligned-center is-layout-flow wp-block-column-is-layout-flow\">\n<figure class=\"wp-block-gallery has-nested-images columns-2 is-cropped wp-block-gallery-7 is-layout-flex wp-block-gallery-is-layout-flex\">\n<figure class=\"wp-block-image size-full\"><img loading=\"lazy\" decoding=\"async\" width=\"800\" height=\"800\" data-id=\"26603\" src=\"https:\/\/www.streetchildrenofkinshasa.org\/wp-content\/uploads\/2022\/05\/Depouillement-dune-famille.jpg\" alt=\"\" class=\"wp-image-26603\" srcset=\"https:\/\/www.streetchildrenofkinshasa.org\/wp-content\/uploads\/2022\/05\/Depouillement-dune-famille.jpg 800w, https:\/\/www.streetchildrenofkinshasa.org\/wp-content\/uploads\/2022\/05\/Depouillement-dune-famille-300x300.jpg 300w, https:\/\/www.streetchildrenofkinshasa.org\/wp-content\/uploads\/2022\/05\/Depouillement-dune-famille-150x150.jpg 150w, https:\/\/www.streetchildrenofkinshasa.org\/wp-content\/uploads\/2022\/05\/Depouillement-dune-famille-768x768.jpg 768w\" sizes=\"auto, (max-width: 800px) 100vw, 800px\" \/><\/figure>\n<\/figure>\n<\/div>\n<\/div>\n\n\n\n<div class=\"wp-block-columns is-style-default is-layout-flex wp-container-core-columns-is-layout-9d6595d7 wp-block-columns-is-layout-flex\">\n<div class=\"wp-block-column is-vertically-aligned-center is-layout-flow wp-block-column-is-layout-flow\" style=\"flex-basis:100%\">\n<div class=\"wp-block-columns is-style-default is-layout-flex wp-container-core-columns-is-layout-9d6595d7 wp-block-columns-is-layout-flex\">\n<div class=\"wp-block-column is-layout-flow wp-block-column-is-layout-flow\" style=\"flex-basis:100%\">\n<div class=\"wp-block-columns are-vertically-aligned-center is-layout-flex wp-container-core-columns-is-layout-9d6595d7 wp-block-columns-is-layout-flex\">\n<div class=\"wp-block-column is-vertically-aligned-center is-layout-flow wp-block-column-is-layout-flow\">\n<figure class=\"wp-block-gallery has-nested-images columns-2 is-cropped wp-block-gallery-8 is-layout-flex wp-block-gallery-is-layout-flex\">\n<figure class=\"wp-block-image size-full\"><img loading=\"lazy\" decoding=\"async\" width=\"800\" height=\"800\" data-id=\"26162\" src=\"https:\/\/www.streetchildrenofkinshasa.org\/wp-content\/uploads\/2022\/04\/eunion-de-quartier.jpg\" alt=\"\" class=\"wp-image-26162\" srcset=\"https:\/\/www.streetchildrenofkinshasa.org\/wp-content\/uploads\/2022\/04\/eunion-de-quartier.jpg 800w, https:\/\/www.streetchildrenofkinshasa.org\/wp-content\/uploads\/2022\/04\/eunion-de-quartier-300x300.jpg 300w, https:\/\/www.streetchildrenofkinshasa.org\/wp-content\/uploads\/2022\/04\/eunion-de-quartier-150x150.jpg 150w, https:\/\/www.streetchildrenofkinshasa.org\/wp-content\/uploads\/2022\/04\/eunion-de-quartier-768x768.jpg 768w\" sizes=\"auto, (max-width: 800px) 100vw, 800px\" \/><\/figure>\n<\/figure>\n<\/div>\n\n\n\n<div class=\"wp-block-column is-vertically-aligned-center is-layout-flow wp-block-column-is-layout-flow\">\n<h4 class=\"has-text-align-center has-gray-color has-text-color wp-block-heading\"><strong><em><em><strong><strong>7<sup>e<\/sup>&nbsp;OUTIL&nbsp;: LES RENCONTRES PARENTS-PARENTS<\/strong><\/strong><\/em><\/em><\/strong><\/h4>\n\n\n\n<p class=\"has-small-font-size\" style=\"line-height:1.7\">L\u2019exp\u00e9rience nous a montr\u00e9 que les familles ont besoin de savoir qu\u2019elles ne sont pas les seules \u00e0 rencontrer ces probl\u00e8mes dans Kinshasa aujourd\u2019hui. La rencontre avec d\u2019autres familles dans la m\u00eame situation redonne courage \u00e0 la famille, et l\u2019\u00e9change des exp\u00e9riences vient renforcer les capacit\u00e9s des familles et leur montrer que quelque chose d\u2019autre est possible. Le t\u00e9moignage de l\u2019exp\u00e9rience r\u00e9ussie de r\u00e9int\u00e9gration d\u2019un enfant dans une famille peut vraiment encourager les autres familles. En ce sens, les rencontres parents-parents sont un outil important de stabilisation d\u2019un enfant.<\/p>\n<\/div>\n<\/div>\n<\/div>\n<\/div>\n<\/div>\n<\/div>\n\n\n\n<figure class=\"wp-block-gallery has-nested-images columns-default is-cropped wp-block-gallery-9 is-layout-flex wp-block-gallery-is-layout-flex\">\n<figure class=\"wp-block-image size-full\"><img loading=\"lazy\" decoding=\"async\" width=\"800\" height=\"800\" data-id=\"26620\" src=\"https:\/\/www.streetchildrenofkinshasa.org\/wp-content\/uploads\/2022\/05\/Visite-microcredits-a-Kindele-1.jpg\" alt=\"\" class=\"wp-image-26620\" srcset=\"https:\/\/www.streetchildrenofkinshasa.org\/wp-content\/uploads\/2022\/05\/Visite-microcredits-a-Kindele-1.jpg 800w, https:\/\/www.streetchildrenofkinshasa.org\/wp-content\/uploads\/2022\/05\/Visite-microcredits-a-Kindele-1-300x300.jpg 300w, https:\/\/www.streetchildrenofkinshasa.org\/wp-content\/uploads\/2022\/05\/Visite-microcredits-a-Kindele-1-150x150.jpg 150w, https:\/\/www.streetchildrenofkinshasa.org\/wp-content\/uploads\/2022\/05\/Visite-microcredits-a-Kindele-1-768x768.jpg 768w\" sizes=\"auto, (max-width: 800px) 100vw, 800px\" \/><\/figure>\n\n\n\n<figure class=\"wp-block-image size-full\"><img loading=\"lazy\" decoding=\"async\" width=\"800\" height=\"800\" data-id=\"26623\" src=\"https:\/\/www.streetchildrenofkinshasa.org\/wp-content\/uploads\/2022\/05\/Ecole-primaire-a-Kindele-1.jpg\" alt=\"\" class=\"wp-image-26623\" srcset=\"https:\/\/www.streetchildrenofkinshasa.org\/wp-content\/uploads\/2022\/05\/Ecole-primaire-a-Kindele-1.jpg 800w, https:\/\/www.streetchildrenofkinshasa.org\/wp-content\/uploads\/2022\/05\/Ecole-primaire-a-Kindele-1-300x300.jpg 300w, https:\/\/www.streetchildrenofkinshasa.org\/wp-content\/uploads\/2022\/05\/Ecole-primaire-a-Kindele-1-150x150.jpg 150w, https:\/\/www.streetchildrenofkinshasa.org\/wp-content\/uploads\/2022\/05\/Ecole-primaire-a-Kindele-1-768x768.jpg 768w\" sizes=\"auto, (max-width: 800px) 100vw, 800px\" \/><\/figure>\n\n\n\n<figure class=\"wp-block-image size-full\"><img loading=\"lazy\" decoding=\"async\" width=\"800\" height=\"800\" data-id=\"26626\" src=\"https:\/\/www.streetchildrenofkinshasa.org\/wp-content\/uploads\/2022\/05\/P1000828.jpg\" alt=\"\" class=\"wp-image-26626\" srcset=\"https:\/\/www.streetchildrenofkinshasa.org\/wp-content\/uploads\/2022\/05\/P1000828.jpg 800w, https:\/\/www.streetchildrenofkinshasa.org\/wp-content\/uploads\/2022\/05\/P1000828-300x300.jpg 300w, https:\/\/www.streetchildrenofkinshasa.org\/wp-content\/uploads\/2022\/05\/P1000828-150x150.jpg 150w, https:\/\/www.streetchildrenofkinshasa.org\/wp-content\/uploads\/2022\/05\/P1000828-768x768.jpg 768w\" sizes=\"auto, (max-width: 800px) 100vw, 800px\" \/><\/figure>\n\n\n\n<figure class=\"wp-block-image size-large\"><img loading=\"lazy\" decoding=\"async\" width=\"1024\" height=\"683\" data-id=\"26629\" src=\"https:\/\/www.streetchildrenofkinshasa.org\/wp-content\/uploads\/2022\/05\/Reunification-1024x683.jpg\" alt=\"\" class=\"wp-image-26629\" srcset=\"https:\/\/www.streetchildrenofkinshasa.org\/wp-content\/uploads\/2022\/05\/Reunification-1024x683.jpg 1024w, https:\/\/www.streetchildrenofkinshasa.org\/wp-content\/uploads\/2022\/05\/Reunification-300x200.jpg 300w, https:\/\/www.streetchildrenofkinshasa.org\/wp-content\/uploads\/2022\/05\/Reunification-768x512.jpg 768w, https:\/\/www.streetchildrenofkinshasa.org\/wp-content\/uploads\/2022\/05\/Reunification.jpg 1296w\" sizes=\"auto, (max-width: 1024px) 100vw, 1024px\" \/><\/figure>\n\n\n\n<figure class=\"wp-block-image size-full\"><img loading=\"lazy\" decoding=\"async\" width=\"904\" height=\"640\" data-id=\"26568\" src=\"https:\/\/www.streetchildrenofkinshasa.org\/wp-content\/uploads\/2022\/05\/Dessin-reunification.jpg\" alt=\"\" class=\"wp-image-26568\" srcset=\"https:\/\/www.streetchildrenofkinshasa.org\/wp-content\/uploads\/2022\/05\/Dessin-reunification.jpg 904w, https:\/\/www.streetchildrenofkinshasa.org\/wp-content\/uploads\/2022\/05\/Dessin-reunification-300x212.jpg 300w, https:\/\/www.streetchildrenofkinshasa.org\/wp-content\/uploads\/2022\/05\/Dessin-reunification-768x544.jpg 768w\" sizes=\"auto, (max-width: 904px) 100vw, 904px\" \/><\/figure>\n<\/figure>\n","protected":false},"excerpt":{"rendered":"<p>LES OUTILS DE STABILISATION DES ENFANTS R\u00c9UNIFI\u00c9S DANS LEUR FAMILLE La r\u00e9unification familiale de l\u2019enfant n\u2019est pas un objectif final, elle n\u2019est qu\u2019un moment dans un cheminement qui doit conduire \u00e0 une r\u00e9conciliation et \u00e0 une autonomisation de la famille. Si l&rsquo;\u00e9ducateur ne prend pas le temps de travailler \u00e0 l&rsquo;unit\u00e9 de la famille, il [&hellip;]<\/p>\n","protected":false},"author":11,"featured_media":26568,"parent":5,"menu_order":3,"comment_status":"closed","ping_status":"closed","template":"","meta":{"_acf_changed":false,"footnotes":""},"class_list":["post-26544","page","type-page","status-publish","has-post-thumbnail","hentry"],"acf":[],"yoast_head":"<!-- This site is optimized with the Yoast SEO plugin v27.5 - https:\/\/yoast.com\/product\/yoast-seo-wordpress\/ -->\n<title>La stabilisation - Ndako Ya Biso - Enfants de Kinshasa<\/title>\n<meta name=\"description\" content=\"LES OUTILS DE STABILISATION DES ENFANTS R\u00c9UNIFI\u00c9S DANS LEUR FAMILLE La r\u00e9unification familiale de l\u2019enfant n\u2019est pas un objectif final, elle n\u2019est qu\u2019un\" \/>\n<meta name=\"robots\" content=\"index, follow, max-snippet:-1, max-image-preview:large, max-video-preview:-1\" \/>\n<link rel=\"canonical\" href=\"https:\/\/www.streetchildrenofkinshasa.org\/fr\/home\/la-stabilisation\/\" \/>\n<meta property=\"og:locale\" content=\"fr_FR\" \/>\n<meta property=\"og:type\" content=\"article\" \/>\n<meta property=\"og:title\" content=\"La stabilisation - Ndako Ya Biso - Enfants de Kinshasa\" \/>\n<meta property=\"og:description\" content=\"LES OUTILS DE STABILISATION DES ENFANTS R\u00c9UNIFI\u00c9S DANS LEUR FAMILLE La r\u00e9unification familiale de l\u2019enfant n\u2019est pas un objectif final, elle n\u2019est qu\u2019un\" \/>\n<meta property=\"og:url\" content=\"https:\/\/www.streetchildrenofkinshasa.org\/fr\/home\/la-stabilisation\/\" \/>\n<meta property=\"og:site_name\" content=\"Ndako Ya Biso - Enfants de Kinshasa\" \/>\n<meta property=\"article:publisher\" content=\"https:\/\/www.facebook.com\/enfantsdelaruedekinshasa\/\" \/>\n<meta property=\"article:modified_time\" content=\"2022-06-17T03:55:06+00:00\" \/>\n<meta property=\"og:image\" content=\"https:\/\/www.streetchildrenofkinshasa.org\/wp-content\/uploads\/2022\/05\/Dessin-reunification.jpg\" \/>\n\t<meta property=\"og:image:width\" content=\"904\" \/>\n\t<meta property=\"og:image:height\" content=\"640\" \/>\n\t<meta property=\"og:image:type\" content=\"image\/jpeg\" \/>\n<meta name=\"twitter:card\" content=\"summary_large_image\" \/>\n<meta name=\"twitter:label1\" content=\"Dur\u00e9e de lecture est.\" \/>\n\t<meta name=\"twitter:data1\" content=\"8 minutes\" \/>\n<script type=\"application\/ld+json\" class=\"yoast-schema-graph\">{\"@context\":\"https:\\\/\\\/schema.org\",\"@graph\":[{\"@type\":\"WebPage\",\"@id\":\"https:\\\/\\\/www.streetchildrenofkinshasa.org\\\/fr\\\/home\\\/la-stabilisation\\\/\",\"url\":\"https:\\\/\\\/www.streetchildrenofkinshasa.org\\\/fr\\\/home\\\/la-stabilisation\\\/\",\"name\":\"La stabilisation - Ndako Ya Biso - Enfants de Kinshasa\",\"isPartOf\":{\"@id\":\"https:\\\/\\\/www.streetchildrenofkinshasa.org\\\/fr\\\/#website\"},\"primaryImageOfPage\":{\"@id\":\"https:\\\/\\\/www.streetchildrenofkinshasa.org\\\/fr\\\/home\\\/la-stabilisation\\\/#primaryimage\"},\"image\":{\"@id\":\"https:\\\/\\\/www.streetchildrenofkinshasa.org\\\/fr\\\/home\\\/la-stabilisation\\\/#primaryimage\"},\"thumbnailUrl\":\"https:\\\/\\\/www.streetchildrenofkinshasa.org\\\/wp-content\\\/uploads\\\/2022\\\/05\\\/Dessin-reunification.jpg\",\"datePublished\":\"2022-05-14T09:36:51+00:00\",\"dateModified\":\"2022-06-17T03:55:06+00:00\",\"description\":\"LES OUTILS DE STABILISATION DES ENFANTS R\u00c9UNIFI\u00c9S DANS LEUR FAMILLE La r\u00e9unification familiale de l\u2019enfant n\u2019est pas un objectif final, elle n\u2019est qu\u2019un\",\"breadcrumb\":{\"@id\":\"https:\\\/\\\/www.streetchildrenofkinshasa.org\\\/fr\\\/home\\\/la-stabilisation\\\/#breadcrumb\"},\"inLanguage\":\"fr-BE\",\"potentialAction\":[{\"@type\":\"ReadAction\",\"target\":[\"https:\\\/\\\/www.streetchildrenofkinshasa.org\\\/fr\\\/home\\\/la-stabilisation\\\/\"]}]},{\"@type\":\"ImageObject\",\"inLanguage\":\"fr-BE\",\"@id\":\"https:\\\/\\\/www.streetchildrenofkinshasa.org\\\/fr\\\/home\\\/la-stabilisation\\\/#primaryimage\",\"url\":\"https:\\\/\\\/www.streetchildrenofkinshasa.org\\\/wp-content\\\/uploads\\\/2022\\\/05\\\/Dessin-reunification.jpg\",\"contentUrl\":\"https:\\\/\\\/www.streetchildrenofkinshasa.org\\\/wp-content\\\/uploads\\\/2022\\\/05\\\/Dessin-reunification.jpg\",\"width\":904,\"height\":640},{\"@type\":\"BreadcrumbList\",\"@id\":\"https:\\\/\\\/www.streetchildrenofkinshasa.org\\\/fr\\\/home\\\/la-stabilisation\\\/#breadcrumb\",\"itemListElement\":[{\"@type\":\"ListItem\",\"position\":1,\"name\":\"Home\",\"item\":\"https:\\\/\\\/www.streetchildrenofkinshasa.org\\\/fr\\\/\"},{\"@type\":\"ListItem\",\"position\":2,\"name\":\"NOTRE ACTION\",\"item\":\"https:\\\/\\\/www.streetchildrenofkinshasa.org\\\/fr\\\/home\\\/\"},{\"@type\":\"ListItem\",\"position\":3,\"name\":\"La stabilisation\"}]},{\"@type\":\"WebSite\",\"@id\":\"https:\\\/\\\/www.streetchildrenofkinshasa.org\\\/fr\\\/#website\",\"url\":\"https:\\\/\\\/www.streetchildrenofkinshasa.org\\\/fr\\\/\",\"name\":\"Ndako Ya Biso - Enfants de Kinshasa\",\"description\":\"Donnons aux enfants des rues de Kinshasa un espoir et un avenir.\",\"publisher\":{\"@id\":\"https:\\\/\\\/www.streetchildrenofkinshasa.org\\\/fr\\\/#organization\"},\"potentialAction\":[{\"@type\":\"SearchAction\",\"target\":{\"@type\":\"EntryPoint\",\"urlTemplate\":\"https:\\\/\\\/www.streetchildrenofkinshasa.org\\\/fr\\\/?s={search_term_string}\"},\"query-input\":{\"@type\":\"PropertyValueSpecification\",\"valueRequired\":true,\"valueName\":\"search_term_string\"}}],\"inLanguage\":\"fr-BE\"},{\"@type\":\"Organization\",\"@id\":\"https:\\\/\\\/www.streetchildrenofkinshasa.org\\\/fr\\\/#organization\",\"name\":\"Communaut\u00e9 du Chemin Neuf\",\"url\":\"https:\\\/\\\/www.streetchildrenofkinshasa.org\\\/fr\\\/\",\"logo\":{\"@type\":\"ImageObject\",\"inLanguage\":\"fr-BE\",\"@id\":\"https:\\\/\\\/www.streetchildrenofkinshasa.org\\\/fr\\\/#\\\/schema\\\/logo\\\/image\\\/\",\"url\":\"https:\\\/\\\/www.streetchildrenofkinshasa.org\\\/wp-content\\\/uploads\\\/2022\\\/05\\\/logo-cte-couleur_evide.png\",\"contentUrl\":\"https:\\\/\\\/www.streetchildrenofkinshasa.org\\\/wp-content\\\/uploads\\\/2022\\\/05\\\/logo-cte-couleur_evide.png\",\"width\":1280,\"height\":736,\"caption\":\"Communaut\u00e9 du Chemin Neuf\"},\"image\":{\"@id\":\"https:\\\/\\\/www.streetchildrenofkinshasa.org\\\/fr\\\/#\\\/schema\\\/logo\\\/image\\\/\"},\"sameAs\":[\"https:\\\/\\\/www.facebook.com\\\/enfantsdelaruedekinshasa\\\/\",\"https:\\\/\\\/www.youtube.com\\\/channel\\\/UCIDv6Uc3gdp1RP_HrlK5VHw\"]}]}<\/script>\n<!-- \/ Yoast SEO plugin. -->","yoast_head_json":{"title":"La stabilisation - Ndako Ya Biso - Enfants de Kinshasa","description":"LES OUTILS DE STABILISATION DES ENFANTS R\u00c9UNIFI\u00c9S DANS LEUR FAMILLE La r\u00e9unification familiale de l\u2019enfant n\u2019est pas un objectif final, elle n\u2019est qu\u2019un","robots":{"index":"index","follow":"follow","max-snippet":"max-snippet:-1","max-image-preview":"max-image-preview:large","max-video-preview":"max-video-preview:-1"},"canonical":"https:\/\/www.streetchildrenofkinshasa.org\/fr\/home\/la-stabilisation\/","og_locale":"fr_FR","og_type":"article","og_title":"La stabilisation - Ndako Ya Biso - Enfants de Kinshasa","og_description":"LES OUTILS DE STABILISATION DES ENFANTS R\u00c9UNIFI\u00c9S DANS LEUR FAMILLE La r\u00e9unification familiale de l\u2019enfant n\u2019est pas un objectif final, elle n\u2019est qu\u2019un","og_url":"https:\/\/www.streetchildrenofkinshasa.org\/fr\/home\/la-stabilisation\/","og_site_name":"Ndako Ya Biso - Enfants de Kinshasa","article_publisher":"https:\/\/www.facebook.com\/enfantsdelaruedekinshasa\/","article_modified_time":"2022-06-17T03:55:06+00:00","og_image":[{"width":904,"height":640,"url":"https:\/\/www.streetchildrenofkinshasa.org\/wp-content\/uploads\/2022\/05\/Dessin-reunification.jpg","type":"image\/jpeg"}],"twitter_card":"summary_large_image","twitter_misc":{"Dur\u00e9e de lecture est.":"8 minutes"},"schema":{"@context":"https:\/\/schema.org","@graph":[{"@type":"WebPage","@id":"https:\/\/www.streetchildrenofkinshasa.org\/fr\/home\/la-stabilisation\/","url":"https:\/\/www.streetchildrenofkinshasa.org\/fr\/home\/la-stabilisation\/","name":"La stabilisation - Ndako Ya Biso - Enfants de Kinshasa","isPartOf":{"@id":"https:\/\/www.streetchildrenofkinshasa.org\/fr\/#website"},"primaryImageOfPage":{"@id":"https:\/\/www.streetchildrenofkinshasa.org\/fr\/home\/la-stabilisation\/#primaryimage"},"image":{"@id":"https:\/\/www.streetchildrenofkinshasa.org\/fr\/home\/la-stabilisation\/#primaryimage"},"thumbnailUrl":"https:\/\/www.streetchildrenofkinshasa.org\/wp-content\/uploads\/2022\/05\/Dessin-reunification.jpg","datePublished":"2022-05-14T09:36:51+00:00","dateModified":"2022-06-17T03:55:06+00:00","description":"LES OUTILS DE STABILISATION DES ENFANTS R\u00c9UNIFI\u00c9S DANS LEUR FAMILLE La r\u00e9unification familiale de l\u2019enfant n\u2019est pas un objectif final, elle n\u2019est qu\u2019un","breadcrumb":{"@id":"https:\/\/www.streetchildrenofkinshasa.org\/fr\/home\/la-stabilisation\/#breadcrumb"},"inLanguage":"fr-BE","potentialAction":[{"@type":"ReadAction","target":["https:\/\/www.streetchildrenofkinshasa.org\/fr\/home\/la-stabilisation\/"]}]},{"@type":"ImageObject","inLanguage":"fr-BE","@id":"https:\/\/www.streetchildrenofkinshasa.org\/fr\/home\/la-stabilisation\/#primaryimage","url":"https:\/\/www.streetchildrenofkinshasa.org\/wp-content\/uploads\/2022\/05\/Dessin-reunification.jpg","contentUrl":"https:\/\/www.streetchildrenofkinshasa.org\/wp-content\/uploads\/2022\/05\/Dessin-reunification.jpg","width":904,"height":640},{"@type":"BreadcrumbList","@id":"https:\/\/www.streetchildrenofkinshasa.org\/fr\/home\/la-stabilisation\/#breadcrumb","itemListElement":[{"@type":"ListItem","position":1,"name":"Home","item":"https:\/\/www.streetchildrenofkinshasa.org\/fr\/"},{"@type":"ListItem","position":2,"name":"NOTRE ACTION","item":"https:\/\/www.streetchildrenofkinshasa.org\/fr\/home\/"},{"@type":"ListItem","position":3,"name":"La stabilisation"}]},{"@type":"WebSite","@id":"https:\/\/www.streetchildrenofkinshasa.org\/fr\/#website","url":"https:\/\/www.streetchildrenofkinshasa.org\/fr\/","name":"Ndako Ya Biso - Enfants de Kinshasa","description":"Donnons aux enfants des rues de Kinshasa un espoir et un avenir.","publisher":{"@id":"https:\/\/www.streetchildrenofkinshasa.org\/fr\/#organization"},"potentialAction":[{"@type":"SearchAction","target":{"@type":"EntryPoint","urlTemplate":"https:\/\/www.streetchildrenofkinshasa.org\/fr\/?s={search_term_string}"},"query-input":{"@type":"PropertyValueSpecification","valueRequired":true,"valueName":"search_term_string"}}],"inLanguage":"fr-BE"},{"@type":"Organization","@id":"https:\/\/www.streetchildrenofkinshasa.org\/fr\/#organization","name":"Communaut\u00e9 du Chemin Neuf","url":"https:\/\/www.streetchildrenofkinshasa.org\/fr\/","logo":{"@type":"ImageObject","inLanguage":"fr-BE","@id":"https:\/\/www.streetchildrenofkinshasa.org\/fr\/#\/schema\/logo\/image\/","url":"https:\/\/www.streetchildrenofkinshasa.org\/wp-content\/uploads\/2022\/05\/logo-cte-couleur_evide.png","contentUrl":"https:\/\/www.streetchildrenofkinshasa.org\/wp-content\/uploads\/2022\/05\/logo-cte-couleur_evide.png","width":1280,"height":736,"caption":"Communaut\u00e9 du Chemin Neuf"},"image":{"@id":"https:\/\/www.streetchildrenofkinshasa.org\/fr\/#\/schema\/logo\/image\/"},"sameAs":["https:\/\/www.facebook.com\/enfantsdelaruedekinshasa\/","https:\/\/www.youtube.com\/channel\/UCIDv6Uc3gdp1RP_HrlK5VHw"]}]}},"_links":{"self":[{"href":"https:\/\/www.streetchildrenofkinshasa.org\/fr\/wp-json\/wp\/v2\/pages\/26544","targetHints":{"allow":["GET"]}}],"collection":[{"href":"https:\/\/www.streetchildrenofkinshasa.org\/fr\/wp-json\/wp\/v2\/pages"}],"about":[{"href":"https:\/\/www.streetchildrenofkinshasa.org\/fr\/wp-json\/wp\/v2\/types\/page"}],"author":[{"embeddable":true,"href":"https:\/\/www.streetchildrenofkinshasa.org\/fr\/wp-json\/wp\/v2\/users\/11"}],"replies":[{"embeddable":true,"href":"https:\/\/www.streetchildrenofkinshasa.org\/fr\/wp-json\/wp\/v2\/comments?post=26544"}],"version-history":[{"count":33,"href":"https:\/\/www.streetchildrenofkinshasa.org\/fr\/wp-json\/wp\/v2\/pages\/26544\/revisions"}],"predecessor-version":[{"id":28352,"href":"https:\/\/www.streetchildrenofkinshasa.org\/fr\/wp-json\/wp\/v2\/pages\/26544\/revisions\/28352"}],"up":[{"embeddable":true,"href":"https:\/\/www.streetchildrenofkinshasa.org\/fr\/wp-json\/wp\/v2\/pages\/5"}],"wp:featuredmedia":[{"embeddable":true,"href":"https:\/\/www.streetchildrenofkinshasa.org\/fr\/wp-json\/wp\/v2\/media\/26568"}],"wp:attachment":[{"href":"https:\/\/www.streetchildrenofkinshasa.org\/fr\/wp-json\/wp\/v2\/media?parent=26544"}],"curies":[{"name":"wp","href":"https:\/\/api.w.org\/{rel}","templated":true}]}}