{"id":1312,"date":"2021-04-03T09:15:33","date_gmt":"2021-04-03T07:15:33","guid":{"rendered":"https:\/\/next.chemin-neuf.be\/qui-sommes-nous\/la-communaute-du-chemin-neuf-v2\/"},"modified":"2022-06-04T13:41:33","modified_gmt":"2022-06-04T11:41:33","slug":"notre-vision","status":"publish","type":"page","link":"https:\/\/www.streetchildrenofkinshasa.org\/fr\/qui-sommes-nous\/notre-vision\/","title":{"rendered":"Notre vision concernant<Br>le travail avec les enfants de la rue"},"content":{"rendered":"\n<p><\/p>\n\n\n\n<h2 class=\"has-text-align-center has-gray-color has-text-color wp-block-heading\">L&rsquo;unit\u00e9 au c\u0153ur de notre vision du monde<\/h2>\n\n\n\n<div class=\"wp-block-columns are-vertically-aligned-center is-style-default is-layout-flex wp-container-core-columns-is-layout-9d6595d7 wp-block-columns-is-layout-flex\">\n<div class=\"wp-block-column is-vertically-aligned-center is-layout-flow wp-block-column-is-layout-flow\">\n<h2 class=\"has-text-align-center has-gray-color has-text-color wp-block-heading\"><strong>L&rsquo;unit\u00e9 des familles<mark style=\"background-color:rgba(0, 0, 0, 0)\" class=\"has-inline-color has-vivid-red-color\"><\/mark><\/strong><\/h2>\n\n\n\n<p><em><em>\u00ab\u00a0L\u2019unit\u00e9 des hommes ne peut se construire que sur la base de l\u2019unit\u00e9 des familles.<\/em><\/em><\/p>\n\n\n\n<p class=\"has-small-font-size\" style=\"line-height:1.7\">Face \u00e0 la grande mis\u00e8re et \u00e0 la d\u00e9structuration sociale qui d\u00e9truit l\u2019unit\u00e9 des familles \u00e0 Kinshasa, nous cherchons \u00e0 aider les familles \u00e0 construire et reconstruire leur unit\u00e9 afin que l\u2019enfant puisse trouver sa place centrale au c\u0153ur de la famille.<\/p>\n\n\n\n<p style=\"line-height:1.6\"><\/p>\n\n\n\n<p style=\"line-height:1.6\"><\/p>\n<\/div>\n\n\n\n<div class=\"wp-block-column is-vertically-aligned-center is-layout-flow wp-block-column-is-layout-flow\">\n<figure class=\"wp-block-gallery aligncenter has-nested-images columns-2 is-cropped wp-block-gallery-1 is-layout-flex wp-block-gallery-is-layout-flex\">\n<figure class=\"wp-block-image size-large\"><img loading=\"lazy\" decoding=\"async\" width=\"1024\" height=\"683\" data-id=\"25896\" src=\"https:\/\/www.streetchildrenofkinshasa.org\/wp-content\/uploads\/2022\/04\/Amitie-filles-1024x683.jpg\" alt=\"Rien de tel que l'amiti\u00e9\" class=\"wp-image-25896\" srcset=\"https:\/\/www.streetchildrenofkinshasa.org\/wp-content\/uploads\/2022\/04\/Amitie-filles-1024x683.jpg 1024w, https:\/\/www.streetchildrenofkinshasa.org\/wp-content\/uploads\/2022\/04\/Amitie-filles-300x200.jpg 300w, https:\/\/www.streetchildrenofkinshasa.org\/wp-content\/uploads\/2022\/04\/Amitie-filles-768x512.jpg 768w, https:\/\/www.streetchildrenofkinshasa.org\/wp-content\/uploads\/2022\/04\/Amitie-filles.jpg 1296w\" sizes=\"auto, (max-width: 1024px) 100vw, 1024px\" \/><\/figure>\n\n\n\n<figure class=\"wp-block-image size-large\"><img loading=\"lazy\" decoding=\"async\" width=\"1024\" height=\"768\" data-id=\"25870\" src=\"https:\/\/www.streetchildrenofkinshasa.org\/wp-content\/uploads\/2022\/04\/Maman-seule-avec-enfants-1024x768.jpg\" alt=\"Une maman n'arrive plus \u00e0 nourrir ses enfants\" class=\"wp-image-25870\" srcset=\"https:\/\/www.streetchildrenofkinshasa.org\/wp-content\/uploads\/2022\/04\/Maman-seule-avec-enfants-1024x768.jpg 1024w, https:\/\/www.streetchildrenofkinshasa.org\/wp-content\/uploads\/2022\/04\/Maman-seule-avec-enfants-300x225.jpg 300w, https:\/\/www.streetchildrenofkinshasa.org\/wp-content\/uploads\/2022\/04\/Maman-seule-avec-enfants-768x576.jpg 768w, https:\/\/www.streetchildrenofkinshasa.org\/wp-content\/uploads\/2022\/04\/Maman-seule-avec-enfants-1536x1152.jpg 1536w, https:\/\/www.streetchildrenofkinshasa.org\/wp-content\/uploads\/2022\/04\/Maman-seule-avec-enfants.jpg 2048w\" sizes=\"auto, (max-width: 1024px) 100vw, 1024px\" \/><\/figure>\n\n\n\n<figure class=\"wp-block-image size-large\"><img loading=\"lazy\" decoding=\"async\" width=\"1024\" height=\"744\" data-id=\"25902\" src=\"https:\/\/www.streetchildrenofkinshasa.org\/wp-content\/uploads\/2022\/04\/Trois-petits-bouts-1024x744.jpg\" alt=\"Trois petits bouts dans l'ouverture de la porte de leur maison\n\" class=\"wp-image-25902\" srcset=\"https:\/\/www.streetchildrenofkinshasa.org\/wp-content\/uploads\/2022\/04\/Trois-petits-bouts-1024x744.jpg 1024w, https:\/\/www.streetchildrenofkinshasa.org\/wp-content\/uploads\/2022\/04\/Trois-petits-bouts-300x218.jpg 300w, https:\/\/www.streetchildrenofkinshasa.org\/wp-content\/uploads\/2022\/04\/Trois-petits-bouts-768x558.jpg 768w, https:\/\/www.streetchildrenofkinshasa.org\/wp-content\/uploads\/2022\/04\/Trois-petits-bouts.jpg 1478w\" sizes=\"auto, (max-width: 1024px) 100vw, 1024px\" \/><\/figure>\n\n\n\n<figure class=\"wp-block-image size-large\"><img loading=\"lazy\" decoding=\"async\" width=\"1024\" height=\"683\" data-id=\"25899\" src=\"https:\/\/www.streetchildrenofkinshasa.org\/wp-content\/uploads\/2022\/04\/Reunification-1024x683.jpg\" alt=\"Reconstruire l'unit\u00e9 de la famille\" class=\"wp-image-25899\" srcset=\"https:\/\/www.streetchildrenofkinshasa.org\/wp-content\/uploads\/2022\/04\/Reunification-1024x683.jpg 1024w, https:\/\/www.streetchildrenofkinshasa.org\/wp-content\/uploads\/2022\/04\/Reunification-300x200.jpg 300w, https:\/\/www.streetchildrenofkinshasa.org\/wp-content\/uploads\/2022\/04\/Reunification-768x512.jpg 768w, https:\/\/www.streetchildrenofkinshasa.org\/wp-content\/uploads\/2022\/04\/Reunification.jpg 1296w\" sizes=\"auto, (max-width: 1024px) 100vw, 1024px\" \/><\/figure>\n<\/figure>\n<\/div>\n<\/div>\n\n\n\n<div class=\"wp-block-columns are-vertically-aligned-center is-layout-flex wp-container-core-columns-is-layout-9d6595d7 wp-block-columns-is-layout-flex\">\n<div class=\"wp-block-column is-vertically-aligned-center is-layout-flow wp-block-column-is-layout-flow\">\n<div class=\"wp-block-group\"><div class=\"wp-block-group__inner-container is-layout-flow wp-block-group-is-layout-flow\">\n<div class=\"wp-block-image\"><figure class=\"aligncenter size-full\"><img loading=\"lazy\" decoding=\"async\" width=\"794\" height=\"594\" src=\"https:\/\/www.streetchildrenofkinshasa.org\/wp-content\/uploads\/2022\/04\/La-famille-de-Naomie.jpg\" alt=\"No\u00e9mie a le bonheur d'avoir r\u00e9int\u00e9gr\u00e9 sa famille\" class=\"wp-image-25907\" srcset=\"https:\/\/www.streetchildrenofkinshasa.org\/wp-content\/uploads\/2022\/04\/La-famille-de-Naomie.jpg 794w, https:\/\/www.streetchildrenofkinshasa.org\/wp-content\/uploads\/2022\/04\/La-famille-de-Naomie-300x224.jpg 300w, https:\/\/www.streetchildrenofkinshasa.org\/wp-content\/uploads\/2022\/04\/La-famille-de-Naomie-768x575.jpg 768w\" sizes=\"auto, (max-width: 794px) 100vw, 794px\" \/><\/figure><\/div>\n<\/div><\/div>\n<\/div>\n\n\n\n<div class=\"wp-block-column is-vertically-aligned-center is-layout-flow wp-block-column-is-layout-flow\">\n<h2 class=\"has-text-align-center has-gray-color has-text-color wp-block-heading\"><strong>La place d&rsquo;un enfant est dans sa famille<\/strong><\/h2>\n\n\n\n<p class=\"has-small-font-size\" style=\"line-height:1.7\"><em>La place d\u2019un enfant n\u2019est pas dans la rue. La rue ne donne pas naissance \u00e0 des enfants et ne leur permet pas de grandir ni de s\u2019\u00e9panouir dans de bonnes conditions.<\/em><\/p>\n\n\n\n<p class=\"has-small-font-size\" style=\"line-height:1.7\">La place d\u2019un enfant n\u2019est pas, sauf exception, dans un orphelinat o\u00f9 l\u2019enfant est bien assist\u00e9 mais manque d\u2019affection et de la confiance parentale. La place d\u2019un enfant est chez ses parents ou du moins chez un membre de sa famille biologique qui peut l\u2019accueillir, lui donner confiance et lui permettre de s\u2019\u00e9panouir et de devenir quelqu\u2019un dans la vie parce qu\u2019il a des racines. <\/p>\n<\/div>\n<\/div>\n\n\n\n<div class=\"wp-block-columns is-layout-flex wp-container-core-columns-is-layout-9d6595d7 wp-block-columns-is-layout-flex\">\n<div class=\"wp-block-column is-layout-flow wp-block-column-is-layout-flow\">\n<h2 class=\"has-text-align-center has-gray-color has-text-color wp-block-heading\"><strong>L&rsquo;enfant a une capacit\u00e9 de r\u00e9silience.<mark style=\"background-color:rgba(0, 0, 0, 0)\" class=\"has-inline-color has-vivid-red-color\"><\/mark><\/strong><\/h2>\n\n\n\n<p class=\"has-small-font-size\" style=\"line-height:1.7\"><em>L\u2019enfant dans la rue a compris que l\u2019amour n\u2019existe pas et que seule la violence est force de vie.<\/em><\/p>\n\n\n\n<p style=\"line-height:1.6\"><\/p>\n\n\n\n<p class=\"has-small-font-size\" style=\"line-height:1.7\">Nous croyons que l\u2019amour est possible et que tout enfant, aussi d\u00e9structur\u00e9 et d\u00e9truit soit il par des ann\u00e9es de rue et de violence, a en lui des capacit\u00e9s de r\u00e9silience et peut retrouver l\u2019amour pour autant qu\u2019il re\u00e7oive la confiance et la guidance n\u00e9cessaire.<\/p>\n<\/div>\n\n\n\n<div class=\"wp-block-column is-layout-flow wp-block-column-is-layout-flow\">\n<figure class=\"wp-block-gallery aligncenter has-nested-images columns-2 is-cropped wp-block-gallery-2 is-layout-flex wp-block-gallery-is-layout-flex\">\n<figure class=\"wp-block-image size-full\"><img loading=\"lazy\" decoding=\"async\" width=\"591\" height=\"591\" data-id=\"25923\" src=\"https:\/\/www.streetchildrenofkinshasa.org\/wp-content\/uploads\/2022\/04\/h_00387981-1.jpg\" alt=\"\" class=\"wp-image-25923\" srcset=\"https:\/\/www.streetchildrenofkinshasa.org\/wp-content\/uploads\/2022\/04\/h_00387981-1.jpg 591w, https:\/\/www.streetchildrenofkinshasa.org\/wp-content\/uploads\/2022\/04\/h_00387981-1-300x300.jpg 300w, https:\/\/www.streetchildrenofkinshasa.org\/wp-content\/uploads\/2022\/04\/h_00387981-1-150x150.jpg 150w\" sizes=\"auto, (max-width: 591px) 100vw, 591px\" \/><\/figure>\n\n\n\n<figure class=\"wp-block-image size-large\"><img decoding=\"async\" data-id=\"5554\" src=\"https:\/\/chemin-neuf.fr\/wp-content\/uploads\/2021\/02\/carre-jet-afrique.jpg\" alt=\"\" class=\"wp-image-5554\"\/><\/figure>\n\n\n\n<figure class=\"wp-block-image size-full\"><img loading=\"lazy\" decoding=\"async\" width=\"748\" height=\"748\" data-id=\"25915\" src=\"https:\/\/www.streetchildrenofkinshasa.org\/wp-content\/uploads\/2022\/04\/Ecoute-dun-enfant.jpg\" alt=\"Ecoute d'un enfant par un \u00e9ducateur du centre\" class=\"wp-image-25915\" srcset=\"https:\/\/www.streetchildrenofkinshasa.org\/wp-content\/uploads\/2022\/04\/Ecoute-dun-enfant.jpg 748w, https:\/\/www.streetchildrenofkinshasa.org\/wp-content\/uploads\/2022\/04\/Ecoute-dun-enfant-300x300.jpg 300w, https:\/\/www.streetchildrenofkinshasa.org\/wp-content\/uploads\/2022\/04\/Ecoute-dun-enfant-150x150.jpg 150w\" sizes=\"auto, (max-width: 748px) 100vw, 748px\" \/><\/figure>\n\n\n\n<figure class=\"wp-block-image size-full\"><img loading=\"lazy\" decoding=\"async\" width=\"570\" height=\"570\" data-id=\"25919\" src=\"https:\/\/www.streetchildrenofkinshasa.org\/wp-content\/uploads\/2022\/04\/Jean-Pierre-avec-trois-enfants.jpg\" alt=\"Jean-Pierre avec trois de ses petits prot\u00e9g\u00e9s\" class=\"wp-image-25919\" srcset=\"https:\/\/www.streetchildrenofkinshasa.org\/wp-content\/uploads\/2022\/04\/Jean-Pierre-avec-trois-enfants.jpg 570w, https:\/\/www.streetchildrenofkinshasa.org\/wp-content\/uploads\/2022\/04\/Jean-Pierre-avec-trois-enfants-300x300.jpg 300w, https:\/\/www.streetchildrenofkinshasa.org\/wp-content\/uploads\/2022\/04\/Jean-Pierre-avec-trois-enfants-150x150.jpg 150w\" sizes=\"auto, (max-width: 570px) 100vw, 570px\" \/><\/figure>\n<\/figure>\n<\/div>\n<\/div>\n\n\n\n<div class=\"wp-block-columns are-vertically-aligned-top is-layout-flex wp-container-core-columns-is-layout-9d6595d7 wp-block-columns-is-layout-flex\">\n<div class=\"wp-block-column is-vertically-aligned-top is-layout-flow wp-block-column-is-layout-flow\">\n<div class=\"wp-block-group\"><div class=\"wp-block-group__inner-container is-layout-flow wp-block-group-is-layout-flow\">\n<figure class=\"wp-block-image size-full\"><img loading=\"lazy\" decoding=\"async\" width=\"767\" height=\"767\" src=\"https:\/\/www.streetchildrenofkinshasa.org\/wp-content\/uploads\/2022\/04\/Visite-en-famille.jpg\" alt=\"Visite en famille apr\u00e8s une r\u00e9unification\n\" class=\"wp-image-25928\" srcset=\"https:\/\/www.streetchildrenofkinshasa.org\/wp-content\/uploads\/2022\/04\/Visite-en-famille.jpg 767w, https:\/\/www.streetchildrenofkinshasa.org\/wp-content\/uploads\/2022\/04\/Visite-en-famille-300x300.jpg 300w, https:\/\/www.streetchildrenofkinshasa.org\/wp-content\/uploads\/2022\/04\/Visite-en-famille-150x150.jpg 150w\" sizes=\"auto, (max-width: 767px) 100vw, 767px\" \/><\/figure>\n<\/div><\/div>\n<\/div>\n\n\n\n<div class=\"wp-block-column is-vertically-aligned-top is-layout-flow wp-block-column-is-layout-flow\">\n<h2 class=\"has-text-align-center has-gray-color has-text-color wp-block-heading\"><strong>Une famille peut \u00eatre reconstruite&nbsp;<\/strong><\/h2>\n\n\n\n<p class=\"has-small-font-size\" style=\"line-height:1.7\">Nous croyons que toute famille, aussi bless\u00e9e par la vie qu\u2019elle soit, peut cheminer et retrouver une esp\u00e9rance d\u2019unit\u00e9 avec une \u00e9coute et une guidance ext\u00e9rieure.<\/p>\n\n\n\n<div style=\"height:10px\" aria-hidden=\"true\" class=\"wp-block-spacer\"><\/div>\n<\/div>\n<\/div>\n\n\n\n<div class=\"wp-block-columns is-layout-flex wp-container-core-columns-is-layout-9d6595d7 wp-block-columns-is-layout-flex\">\n<div class=\"wp-block-column is-layout-flow wp-block-column-is-layout-flow\">\n<h2 class=\"has-text-align-center has-gray-color has-text-color wp-block-heading\"><strong>Un enfant n&rsquo;est pas sorcier<\/strong><\/h2>\n\n\n\n<p class=\"has-small-font-size\" style=\"line-height:1.7\"><em>Nous croyons qu\u2019un enfant n\u2019est pas sorcier et ne peut pas l\u2019\u00eatre.<\/em> <\/p>\n\n\n\n<p class=\"has-small-font-size\" style=\"line-height:1.7\">La sorcellerie fait partie de la culture, mais dans la culture traditionnelle, seuls des adultes pouvaient \u00eatre sorciers&nbsp;: vieux, handicap\u00e9s, marginaux\u2026 avec toute la jalousie que l\u2019on peut imaginer. <\/p>\n\n\n\n<p class=\"has-small-font-size\" style=\"line-height:1.7\">Mais l\u2019enfant est innocent, il est une richesse familiale, un cadeau de Dieu pour toute la famille. L\u2019id\u00e9e de sorcellerie des enfants a \u00e9t\u00e9 r\u00e9cemment introduite avec l\u2019appui de certaines Eglises du r\u00e9veil et doit \u00eatre combattue parce qu\u2019elle d\u00e9truit les enfants, les familles et le milieu. Les animateurs de NYB sont convaincus qu\u2019un enfant ne peut pas \u00eatre sorcier.<\/p>\n\n\n\n<div style=\"height:10px\" aria-hidden=\"true\" class=\"wp-block-spacer\"><\/div>\n<\/div>\n\n\n\n<div class=\"wp-block-column is-layout-flow wp-block-column-is-layout-flow\">\n<div class=\"wp-block-group\"><div class=\"wp-block-group__inner-container is-layout-flow wp-block-group-is-layout-flow\">\n<div class=\"wp-block-group\"><div class=\"wp-block-group__inner-container is-layout-flow wp-block-group-is-layout-flow\">\n<div class=\"wp-block-columns is-layout-flex wp-container-core-columns-is-layout-9d6595d7 wp-block-columns-is-layout-flex\">\n<div class=\"wp-block-column is-vertically-aligned-top is-layout-flow wp-block-column-is-layout-flow\" style=\"flex-basis:100%\">\n<div class=\"wp-block-columns is-layout-flex wp-container-core-columns-is-layout-9d6595d7 wp-block-columns-is-layout-flex\">\n<div class=\"wp-block-column is-vertically-aligned-center is-layout-flow wp-block-column-is-layout-flow\" style=\"flex-basis:100%\">\n<div class=\"wp-block-columns are-vertically-aligned-center is-style-default is-layout-flex wp-container-core-columns-is-layout-9d6595d7 wp-block-columns-is-layout-flex\">\n<div class=\"wp-block-column is-vertically-aligned-center is-layout-flow wp-block-column-is-layout-flow\" style=\"flex-basis:100%\">\n<figure class=\"wp-block-gallery aligncenter has-nested-images columns-2 is-cropped wp-block-gallery-3 is-layout-flex wp-block-gallery-is-layout-flex\">\n<figure class=\"wp-block-image size-full is-style-default\"><img loading=\"lazy\" decoding=\"async\" width=\"718\" height=\"718\" data-id=\"25931\" src=\"https:\/\/www.streetchildrenofkinshasa.org\/wp-content\/uploads\/2022\/04\/Desensorcellement-dun-enfant.jpg\" alt=\"D\u00e9sensorcellement d'un enfant dans une \u00e9glise de R\u00e9veil\" class=\"wp-image-25931\" srcset=\"https:\/\/www.streetchildrenofkinshasa.org\/wp-content\/uploads\/2022\/04\/Desensorcellement-dun-enfant.jpg 718w, https:\/\/www.streetchildrenofkinshasa.org\/wp-content\/uploads\/2022\/04\/Desensorcellement-dun-enfant-300x300.jpg 300w, https:\/\/www.streetchildrenofkinshasa.org\/wp-content\/uploads\/2022\/04\/Desensorcellement-dun-enfant-150x150.jpg 150w\" sizes=\"auto, (max-width: 718px) 100vw, 718px\" \/><\/figure>\n\n\n\n<figure class=\"wp-block-image size-large is-style-default\"><img loading=\"lazy\" decoding=\"async\" width=\"1024\" height=\"614\" data-id=\"25940\" src=\"https:\/\/www.streetchildrenofkinshasa.org\/wp-content\/uploads\/2022\/04\/Desensorcellement-dun-enfant-03-1-1024x614.jpg\" alt=\"\" class=\"wp-image-25940\" srcset=\"https:\/\/www.streetchildrenofkinshasa.org\/wp-content\/uploads\/2022\/04\/Desensorcellement-dun-enfant-03-1-1024x614.jpg 1024w, https:\/\/www.streetchildrenofkinshasa.org\/wp-content\/uploads\/2022\/04\/Desensorcellement-dun-enfant-03-1-300x180.jpg 300w, https:\/\/www.streetchildrenofkinshasa.org\/wp-content\/uploads\/2022\/04\/Desensorcellement-dun-enfant-03-1-768x461.jpg 768w, https:\/\/www.streetchildrenofkinshasa.org\/wp-content\/uploads\/2022\/04\/Desensorcellement-dun-enfant-03-1.jpg 1147w\" sizes=\"auto, (max-width: 1024px) 100vw, 1024px\" \/><\/figure>\n\n\n\n<figure class=\"wp-block-image size-full is-style-default\"><img loading=\"lazy\" decoding=\"async\" width=\"800\" height=\"532\" data-id=\"25943\" src=\"https:\/\/www.streetchildrenofkinshasa.org\/wp-content\/uploads\/2022\/04\/2-enfants-souriants.jpg\" alt=\"\" class=\"wp-image-25943\" srcset=\"https:\/\/www.streetchildrenofkinshasa.org\/wp-content\/uploads\/2022\/04\/2-enfants-souriants.jpg 800w, https:\/\/www.streetchildrenofkinshasa.org\/wp-content\/uploads\/2022\/04\/2-enfants-souriants-300x200.jpg 300w, https:\/\/www.streetchildrenofkinshasa.org\/wp-content\/uploads\/2022\/04\/2-enfants-souriants-768x511.jpg 768w\" sizes=\"auto, (max-width: 800px) 100vw, 800px\" \/><\/figure>\n<\/figure>\n<\/div>\n<\/div>\n<\/div>\n<\/div>\n<\/div>\n<\/div>\n<\/div><\/div>\n<\/div><\/div>\n<\/div>\n<\/div>\n\n\n\n<div class=\"wp-block-columns are-vertically-aligned-center is-layout-flex wp-container-core-columns-is-layout-9d6595d7 wp-block-columns-is-layout-flex\">\n<div class=\"wp-block-column is-vertically-aligned-center is-layout-flow wp-block-column-is-layout-flow\">\n<div class=\"wp-block-group\"><div class=\"wp-block-group__inner-container is-layout-flow wp-block-group-is-layout-flow\">\n<figure class=\"wp-block-image size-large\"><img loading=\"lazy\" decoding=\"async\" width=\"1024\" height=\"683\" src=\"https:\/\/www.streetchildrenofkinshasa.org\/wp-content\/uploads\/2022\/04\/Trouver-des-allies-1024x683.jpg\" alt=\"\" class=\"wp-image-25953\" srcset=\"https:\/\/www.streetchildrenofkinshasa.org\/wp-content\/uploads\/2022\/04\/Trouver-des-allies-1024x683.jpg 1024w, https:\/\/www.streetchildrenofkinshasa.org\/wp-content\/uploads\/2022\/04\/Trouver-des-allies-300x200.jpg 300w, https:\/\/www.streetchildrenofkinshasa.org\/wp-content\/uploads\/2022\/04\/Trouver-des-allies-768x512.jpg 768w, https:\/\/www.streetchildrenofkinshasa.org\/wp-content\/uploads\/2022\/04\/Trouver-des-allies-1536x1024.jpg 1536w, https:\/\/www.streetchildrenofkinshasa.org\/wp-content\/uploads\/2022\/04\/Trouver-des-allies-2048x1365.jpg 2048w\" sizes=\"auto, (max-width: 1024px) 100vw, 1024px\" \/><\/figure>\n<\/div><\/div>\n<\/div>\n\n\n\n<div class=\"wp-block-column is-vertically-aligned-center is-layout-flow wp-block-column-is-layout-flow\">\n<h2 class=\"has-text-align-center has-gray-color has-text-color wp-block-heading\"><strong>Il est n\u00e9cessaire de trouver des alli\u00e9s <\/strong><\/h2>\n\n\n\n<p class=\"has-small-font-size\" style=\"line-height:1.7\">Nous croyons qu\u2019une action d\u2019envergure avec les enfants de la rue n\u2019est possible que dans une action concert\u00e9e avec des partenaires. En d\u00e9veloppant le plus grand nombre possible de partenariats avec d\u2019autres organisations ou personnes engag\u00e9es dans le m\u00eame sens, nous esp\u00e9rons assurer les compl\u00e9mentarit\u00e9s n\u00e9cessaires \u00e0 la plus grande efficacit\u00e9 du travail. Ces partenaires sont appel\u00e9s des \u00ab&nbsp;alli\u00e9s&nbsp;\u00bb, engag\u00e9s dans un m\u00eame combat en faveur des enfants et de leurs familles.<\/p>\n\n\n\n<div style=\"height:10px\" aria-hidden=\"true\" class=\"wp-block-spacer\"><\/div>\n<\/div>\n<\/div>\n\n\n\n<h3 class=\"has-text-align-left has-gray-color has-text-color wp-block-heading\" style=\"line-height:1.3\"><mark style=\"background-color:rgba(0, 0, 0, 0);color:#5d6266\" class=\"has-inline-color\">R\u00e9conciliation<\/mark><\/h3>\n\n\n\n<p><strong>Ce terme \u00ab\u00a0r\u00e9conciliation\u00a0\u00bb inclut les d\u00e9marches suivantes :<\/strong><\/p>\n\n\n\n<ul class=\"has-small-font-size wp-block-list\" style=\"line-height:1.7\"><li>la r\u00e9int\u00e9gration des enfants de la rue aupr\u00e8s d&rsquo;un membre de leur famille,<\/li><li>la stabilisation et la consolidation des familles,<\/li><li>la sensibilisation du milieu \u00e0 l&rsquo;injustice subie par les enfants en vue d&rsquo;un changement de mentalit\u00e9.<\/li><\/ul>\n\n\n\n<p class=\"has-small-font-size\">Il vise la r\u00e9conciliation :<\/p>\n\n\n\n<ul class=\"has-small-font-size wp-block-list\" style=\"line-height:1.7\"><li>de l&rsquo;enfant avec lui-m\u00eame, <\/li><li>de la famille avec elle-m\u00eame,<\/li><li>de l&rsquo;enfant avec sa famille, <\/li><li>de l&rsquo;enfant avec son milieu<mark style=\"background-color:rgba(0, 0, 0, 0);color:#5d6266\" class=\"has-inline-color\">.<\/mark><\/li><\/ul>\n\n\n\n<figure class=\"wp-block-gallery has-nested-images columns-default is-cropped wp-block-gallery-4 is-layout-flex wp-block-gallery-is-layout-flex\">\n<figure class=\"wp-block-image size-full\"><img loading=\"lazy\" decoding=\"async\" width=\"800\" height=\"800\" data-id=\"25960\" src=\"https:\/\/www.streetchildrenofkinshasa.org\/wp-content\/uploads\/2022\/04\/garcon-lunettes-avec-les-mains.jpg\" alt=\"\" class=\"wp-image-25960\" srcset=\"https:\/\/www.streetchildrenofkinshasa.org\/wp-content\/uploads\/2022\/04\/garcon-lunettes-avec-les-mains.jpg 800w, https:\/\/www.streetchildrenofkinshasa.org\/wp-content\/uploads\/2022\/04\/garcon-lunettes-avec-les-mains-300x300.jpg 300w, https:\/\/www.streetchildrenofkinshasa.org\/wp-content\/uploads\/2022\/04\/garcon-lunettes-avec-les-mains-150x150.jpg 150w, https:\/\/www.streetchildrenofkinshasa.org\/wp-content\/uploads\/2022\/04\/garcon-lunettes-avec-les-mains-768x768.jpg 768w\" sizes=\"auto, (max-width: 800px) 100vw, 800px\" \/><\/figure>\n\n\n\n<figure class=\"wp-block-image size-full\"><img loading=\"lazy\" decoding=\"async\" width=\"800\" height=\"800\" data-id=\"25963\" src=\"https:\/\/www.streetchildrenofkinshasa.org\/wp-content\/uploads\/2022\/04\/1-fille-reunifiee.jpg\" alt=\"\" class=\"wp-image-25963\" srcset=\"https:\/\/www.streetchildrenofkinshasa.org\/wp-content\/uploads\/2022\/04\/1-fille-reunifiee.jpg 800w, https:\/\/www.streetchildrenofkinshasa.org\/wp-content\/uploads\/2022\/04\/1-fille-reunifiee-300x300.jpg 300w, https:\/\/www.streetchildrenofkinshasa.org\/wp-content\/uploads\/2022\/04\/1-fille-reunifiee-150x150.jpg 150w, https:\/\/www.streetchildrenofkinshasa.org\/wp-content\/uploads\/2022\/04\/1-fille-reunifiee-768x768.jpg 768w\" sizes=\"auto, (max-width: 800px) 100vw, 800px\" \/><\/figure>\n\n\n\n<figure class=\"wp-block-image size-full\"><img loading=\"lazy\" decoding=\"async\" width=\"822\" height=\"822\" data-id=\"25966\" src=\"https:\/\/www.streetchildrenofkinshasa.org\/wp-content\/uploads\/2022\/04\/2-filles-couture.jpg\" alt=\"\" class=\"wp-image-25966\" srcset=\"https:\/\/www.streetchildrenofkinshasa.org\/wp-content\/uploads\/2022\/04\/2-filles-couture.jpg 822w, https:\/\/www.streetchildrenofkinshasa.org\/wp-content\/uploads\/2022\/04\/2-filles-couture-300x300.jpg 300w, https:\/\/www.streetchildrenofkinshasa.org\/wp-content\/uploads\/2022\/04\/2-filles-couture-150x150.jpg 150w, https:\/\/www.streetchildrenofkinshasa.org\/wp-content\/uploads\/2022\/04\/2-filles-couture-768x768.jpg 768w\" sizes=\"auto, (max-width: 822px) 100vw, 822px\" \/><\/figure>\n\n\n\n<figure class=\"wp-block-image size-full\"><img loading=\"lazy\" decoding=\"async\" width=\"800\" height=\"800\" data-id=\"25969\" src=\"https:\/\/www.streetchildrenofkinshasa.org\/wp-content\/uploads\/2022\/04\/garcon-jeu-de-dames.jpg\" alt=\"\" class=\"wp-image-25969\" srcset=\"https:\/\/www.streetchildrenofkinshasa.org\/wp-content\/uploads\/2022\/04\/garcon-jeu-de-dames.jpg 800w, https:\/\/www.streetchildrenofkinshasa.org\/wp-content\/uploads\/2022\/04\/garcon-jeu-de-dames-300x300.jpg 300w, https:\/\/www.streetchildrenofkinshasa.org\/wp-content\/uploads\/2022\/04\/garcon-jeu-de-dames-150x150.jpg 150w, https:\/\/www.streetchildrenofkinshasa.org\/wp-content\/uploads\/2022\/04\/garcon-jeu-de-dames-768x768.jpg 768w\" sizes=\"auto, (max-width: 800px) 100vw, 800px\" \/><\/figure>\n\n\n\n<figure class=\"wp-block-image size-full\"><img loading=\"lazy\" decoding=\"async\" width=\"800\" height=\"800\" data-id=\"25972\" src=\"https:\/\/www.streetchildrenofkinshasa.org\/wp-content\/uploads\/2022\/04\/3-garcons.jpg\" alt=\"\" class=\"wp-image-25972\" srcset=\"https:\/\/www.streetchildrenofkinshasa.org\/wp-content\/uploads\/2022\/04\/3-garcons.jpg 800w, https:\/\/www.streetchildrenofkinshasa.org\/wp-content\/uploads\/2022\/04\/3-garcons-300x300.jpg 300w, https:\/\/www.streetchildrenofkinshasa.org\/wp-content\/uploads\/2022\/04\/3-garcons-150x150.jpg 150w, https:\/\/www.streetchildrenofkinshasa.org\/wp-content\/uploads\/2022\/04\/3-garcons-768x768.jpg 768w\" sizes=\"auto, (max-width: 800px) 100vw, 800px\" \/><\/figure>\n\n\n\n<figure class=\"wp-block-image size-full\"><img loading=\"lazy\" decoding=\"async\" width=\"800\" height=\"800\" data-id=\"25975\" src=\"https:\/\/www.streetchildrenofkinshasa.org\/wp-content\/uploads\/2022\/04\/garcon-bouche-ouverte.jpg\" alt=\"\" class=\"wp-image-25975\" srcset=\"https:\/\/www.streetchildrenofkinshasa.org\/wp-content\/uploads\/2022\/04\/garcon-bouche-ouverte.jpg 800w, https:\/\/www.streetchildrenofkinshasa.org\/wp-content\/uploads\/2022\/04\/garcon-bouche-ouverte-300x300.jpg 300w, https:\/\/www.streetchildrenofkinshasa.org\/wp-content\/uploads\/2022\/04\/garcon-bouche-ouverte-150x150.jpg 150w, https:\/\/www.streetchildrenofkinshasa.org\/wp-content\/uploads\/2022\/04\/garcon-bouche-ouverte-768x768.jpg 768w\" sizes=\"auto, (max-width: 800px) 100vw, 800px\" \/><\/figure>\n\n\n\n<figure class=\"wp-block-image size-full\"><img loading=\"lazy\" decoding=\"async\" width=\"800\" height=\"800\" data-id=\"25978\" src=\"https:\/\/www.streetchildrenofkinshasa.org\/wp-content\/uploads\/2022\/04\/groupe-de-filles-au-centre.jpg\" alt=\"\" class=\"wp-image-25978\" srcset=\"https:\/\/www.streetchildrenofkinshasa.org\/wp-content\/uploads\/2022\/04\/groupe-de-filles-au-centre.jpg 800w, https:\/\/www.streetchildrenofkinshasa.org\/wp-content\/uploads\/2022\/04\/groupe-de-filles-au-centre-300x300.jpg 300w, https:\/\/www.streetchildrenofkinshasa.org\/wp-content\/uploads\/2022\/04\/groupe-de-filles-au-centre-150x150.jpg 150w, https:\/\/www.streetchildrenofkinshasa.org\/wp-content\/uploads\/2022\/04\/groupe-de-filles-au-centre-768x768.jpg 768w\" sizes=\"auto, (max-width: 800px) 100vw, 800px\" \/><\/figure>\n\n\n\n<figure class=\"wp-block-image size-full\"><img loading=\"lazy\" decoding=\"async\" width=\"800\" height=\"800\" data-id=\"25981\" src=\"https:\/\/www.streetchildrenofkinshasa.org\/wp-content\/uploads\/2022\/04\/Noemie.jpg\" alt=\"\" class=\"wp-image-25981\" srcset=\"https:\/\/www.streetchildrenofkinshasa.org\/wp-content\/uploads\/2022\/04\/Noemie.jpg 800w, https:\/\/www.streetchildrenofkinshasa.org\/wp-content\/uploads\/2022\/04\/Noemie-300x300.jpg 300w, https:\/\/www.streetchildrenofkinshasa.org\/wp-content\/uploads\/2022\/04\/Noemie-150x150.jpg 150w, https:\/\/www.streetchildrenofkinshasa.org\/wp-content\/uploads\/2022\/04\/Noemie-768x768.jpg 768w\" sizes=\"auto, (max-width: 800px) 100vw, 800px\" \/><\/figure>\n\n\n\n<figure class=\"wp-block-image size-full\"><img loading=\"lazy\" decoding=\"async\" width=\"863\" height=\"863\" data-id=\"25984\" src=\"https:\/\/www.streetchildrenofkinshasa.org\/wp-content\/uploads\/2022\/04\/trois-filles.jpg\" alt=\"\" class=\"wp-image-25984\" srcset=\"https:\/\/www.streetchildrenofkinshasa.org\/wp-content\/uploads\/2022\/04\/trois-filles.jpg 863w, https:\/\/www.streetchildrenofkinshasa.org\/wp-content\/uploads\/2022\/04\/trois-filles-300x300.jpg 300w, https:\/\/www.streetchildrenofkinshasa.org\/wp-content\/uploads\/2022\/04\/trois-filles-150x150.jpg 150w, https:\/\/www.streetchildrenofkinshasa.org\/wp-content\/uploads\/2022\/04\/trois-filles-768x768.jpg 768w\" sizes=\"auto, (max-width: 863px) 100vw, 863px\" \/><\/figure>\n\n\n\n<figure class=\"wp-block-image size-full\"><img loading=\"lazy\" decoding=\"async\" width=\"800\" height=\"800\" data-id=\"25987\" src=\"https:\/\/www.streetchildrenofkinshasa.org\/wp-content\/uploads\/2022\/04\/Fille-tambour.jpg\" alt=\"\" class=\"wp-image-25987\" srcset=\"https:\/\/www.streetchildrenofkinshasa.org\/wp-content\/uploads\/2022\/04\/Fille-tambour.jpg 800w, https:\/\/www.streetchildrenofkinshasa.org\/wp-content\/uploads\/2022\/04\/Fille-tambour-300x300.jpg 300w, https:\/\/www.streetchildrenofkinshasa.org\/wp-content\/uploads\/2022\/04\/Fille-tambour-150x150.jpg 150w, https:\/\/www.streetchildrenofkinshasa.org\/wp-content\/uploads\/2022\/04\/Fille-tambour-768x768.jpg 768w\" sizes=\"auto, (max-width: 800px) 100vw, 800px\" \/><\/figure>\n\n\n\n<figure class=\"wp-block-image size-full\"><img loading=\"lazy\" decoding=\"async\" width=\"800\" height=\"800\" data-id=\"25990\" src=\"https:\/\/www.streetchildrenofkinshasa.org\/wp-content\/uploads\/2022\/04\/1-garcon-au-centre.jpg\" alt=\"\" class=\"wp-image-25990\" srcset=\"https:\/\/www.streetchildrenofkinshasa.org\/wp-content\/uploads\/2022\/04\/1-garcon-au-centre.jpg 800w, https:\/\/www.streetchildrenofkinshasa.org\/wp-content\/uploads\/2022\/04\/1-garcon-au-centre-300x300.jpg 300w, https:\/\/www.streetchildrenofkinshasa.org\/wp-content\/uploads\/2022\/04\/1-garcon-au-centre-150x150.jpg 150w, https:\/\/www.streetchildrenofkinshasa.org\/wp-content\/uploads\/2022\/04\/1-garcon-au-centre-768x768.jpg 768w\" sizes=\"auto, (max-width: 800px) 100vw, 800px\" \/><\/figure>\n\n\n\n<figure class=\"wp-block-image size-full\"><img loading=\"lazy\" decoding=\"async\" width=\"863\" height=\"863\" data-id=\"25993\" src=\"https:\/\/www.streetchildrenofkinshasa.org\/wp-content\/uploads\/2022\/04\/deux-filles.jpg\" alt=\"\" class=\"wp-image-25993\" srcset=\"https:\/\/www.streetchildrenofkinshasa.org\/wp-content\/uploads\/2022\/04\/deux-filles.jpg 863w, https:\/\/www.streetchildrenofkinshasa.org\/wp-content\/uploads\/2022\/04\/deux-filles-300x300.jpg 300w, https:\/\/www.streetchildrenofkinshasa.org\/wp-content\/uploads\/2022\/04\/deux-filles-150x150.jpg 150w, https:\/\/www.streetchildrenofkinshasa.org\/wp-content\/uploads\/2022\/04\/deux-filles-768x768.jpg 768w\" sizes=\"auto, (max-width: 863px) 100vw, 863px\" \/><\/figure>\n<\/figure>\n","protected":false},"excerpt":{"rendered":"<p>L&rsquo;unit\u00e9 au c\u0153ur de notre vision du monde L&rsquo;unit\u00e9 des familles \u00ab\u00a0L\u2019unit\u00e9 des hommes ne peut se construire que sur la base de l\u2019unit\u00e9 des familles. Face \u00e0 la grande mis\u00e8re et \u00e0 la d\u00e9structuration sociale qui d\u00e9truit l\u2019unit\u00e9 des familles \u00e0 Kinshasa, nous cherchons \u00e0 aider les familles \u00e0 construire et reconstruire leur unit\u00e9 [&hellip;]<\/p>\n","protected":false},"author":11,"featured_media":25885,"parent":27143,"menu_order":2,"comment_status":"closed","ping_status":"closed","template":"","meta":{"_acf_changed":false,"footnotes":""},"class_list":["post-1312","page","type-page","status-publish","has-post-thumbnail","hentry"],"acf":[],"yoast_head":"<!-- This site is optimized with the Yoast SEO plugin v27.5 - https:\/\/yoast.com\/product\/yoast-seo-wordpress\/ -->\n<title>Notre vision concernantle travail avec les enfants de la rue - Ndako Ya Biso - Enfants de Kinshasa<\/title>\n<meta name=\"description\" content=\"L&#039;unit\u00e9 au c\u0153ur de notre vision du monde L&#039;unit\u00e9 des familles &quot;L\u2019unit\u00e9 des hommes ne peut se construire que sur la base de l\u2019unit\u00e9 des familles. Face \u00e0 la\" \/>\n<meta name=\"robots\" content=\"index, follow, max-snippet:-1, max-image-preview:large, max-video-preview:-1\" \/>\n<link rel=\"canonical\" href=\"https:\/\/www.streetchildrenofkinshasa.org\/fr\/qui-sommes-nous\/notre-vision\/\" \/>\n<meta property=\"og:locale\" content=\"fr_FR\" \/>\n<meta property=\"og:type\" content=\"article\" \/>\n<meta property=\"og:title\" content=\"Notre vision concernantle travail avec les enfants de la rue - Ndako Ya Biso - Enfants de Kinshasa\" \/>\n<meta property=\"og:description\" content=\"L&#039;unit\u00e9 au c\u0153ur de notre vision du monde L&#039;unit\u00e9 des familles &quot;L\u2019unit\u00e9 des hommes ne peut se construire que sur la base de l\u2019unit\u00e9 des familles. Face \u00e0 la\" \/>\n<meta property=\"og:url\" content=\"https:\/\/www.streetchildrenofkinshasa.org\/fr\/qui-sommes-nous\/notre-vision\/\" \/>\n<meta property=\"og:site_name\" content=\"Ndako Ya Biso - Enfants de Kinshasa\" \/>\n<meta property=\"article:publisher\" content=\"https:\/\/www.facebook.com\/enfantsdelaruedekinshasa\/\" \/>\n<meta property=\"article:modified_time\" content=\"2022-06-04T11:41:33+00:00\" \/>\n<meta property=\"og:image\" content=\"https:\/\/www.streetchildrenofkinshasa.org\/wp-content\/uploads\/2022\/04\/Clin-doeil.jpg\" \/>\n\t<meta property=\"og:image:width\" content=\"1392\" \/>\n\t<meta property=\"og:image:height\" content=\"928\" \/>\n\t<meta property=\"og:image:type\" content=\"image\/jpeg\" \/>\n<meta name=\"twitter:card\" content=\"summary_large_image\" \/>\n<meta name=\"twitter:label1\" content=\"Dur\u00e9e de lecture est.\" \/>\n\t<meta name=\"twitter:data1\" content=\"8 minutes\" \/>\n<script type=\"application\/ld+json\" class=\"yoast-schema-graph\">{\"@context\":\"https:\\\/\\\/schema.org\",\"@graph\":[{\"@type\":\"WebPage\",\"@id\":\"https:\\\/\\\/www.streetchildrenofkinshasa.org\\\/fr\\\/qui-sommes-nous\\\/notre-vision\\\/\",\"url\":\"https:\\\/\\\/www.streetchildrenofkinshasa.org\\\/fr\\\/qui-sommes-nous\\\/notre-vision\\\/\",\"name\":\"Notre vision concernant le travail avec les enfants de la rue - Ndako Ya Biso - Enfants de Kinshasa\",\"isPartOf\":{\"@id\":\"https:\\\/\\\/www.streetchildrenofkinshasa.org\\\/fr\\\/#website\"},\"primaryImageOfPage\":{\"@id\":\"https:\\\/\\\/www.streetchildrenofkinshasa.org\\\/fr\\\/qui-sommes-nous\\\/notre-vision\\\/#primaryimage\"},\"image\":{\"@id\":\"https:\\\/\\\/www.streetchildrenofkinshasa.org\\\/fr\\\/qui-sommes-nous\\\/notre-vision\\\/#primaryimage\"},\"thumbnailUrl\":\"https:\\\/\\\/www.streetchildrenofkinshasa.org\\\/wp-content\\\/uploads\\\/2022\\\/04\\\/Clin-doeil.jpg\",\"datePublished\":\"2021-04-03T07:15:33+00:00\",\"dateModified\":\"2022-06-04T11:41:33+00:00\",\"description\":\"L'unit\u00e9 au c\u0153ur de notre vision du monde L'unit\u00e9 des familles \\\"L\u2019unit\u00e9 des hommes ne peut se construire que sur la base de l\u2019unit\u00e9 des familles. Face \u00e0 la\",\"breadcrumb\":{\"@id\":\"https:\\\/\\\/www.streetchildrenofkinshasa.org\\\/fr\\\/qui-sommes-nous\\\/notre-vision\\\/#breadcrumb\"},\"inLanguage\":\"fr-BE\",\"potentialAction\":[{\"@type\":\"ReadAction\",\"target\":[\"https:\\\/\\\/www.streetchildrenofkinshasa.org\\\/fr\\\/qui-sommes-nous\\\/notre-vision\\\/\"]}]},{\"@type\":\"ImageObject\",\"inLanguage\":\"fr-BE\",\"@id\":\"https:\\\/\\\/www.streetchildrenofkinshasa.org\\\/fr\\\/qui-sommes-nous\\\/notre-vision\\\/#primaryimage\",\"url\":\"https:\\\/\\\/www.streetchildrenofkinshasa.org\\\/wp-content\\\/uploads\\\/2022\\\/04\\\/Clin-doeil.jpg\",\"contentUrl\":\"https:\\\/\\\/www.streetchildrenofkinshasa.org\\\/wp-content\\\/uploads\\\/2022\\\/04\\\/Clin-doeil.jpg\",\"width\":1392,\"height\":928,\"caption\":\"Notre vision du travail avec les enfants de la rue\"},{\"@type\":\"BreadcrumbList\",\"@id\":\"https:\\\/\\\/www.streetchildrenofkinshasa.org\\\/fr\\\/qui-sommes-nous\\\/notre-vision\\\/#breadcrumb\",\"itemListElement\":[{\"@type\":\"ListItem\",\"position\":1,\"name\":\"Home\",\"item\":\"https:\\\/\\\/www.streetchildrenofkinshasa.org\\\/fr\\\/\"},{\"@type\":\"ListItem\",\"position\":2,\"name\":\"NOTRE HISTOIRE\",\"item\":\"https:\\\/\\\/www.streetchildrenofkinshasa.org\\\/fr\\\/qui-sommes-nous\\\/\"},{\"@type\":\"ListItem\",\"position\":3,\"name\":\"Notre vision concernantle travail avec les enfants de la rue\"}]},{\"@type\":\"WebSite\",\"@id\":\"https:\\\/\\\/www.streetchildrenofkinshasa.org\\\/fr\\\/#website\",\"url\":\"https:\\\/\\\/www.streetchildrenofkinshasa.org\\\/fr\\\/\",\"name\":\"Ndako Ya Biso - Enfants de Kinshasa\",\"description\":\"Donnons aux enfants des rues de Kinshasa un espoir et un avenir.\",\"publisher\":{\"@id\":\"https:\\\/\\\/www.streetchildrenofkinshasa.org\\\/fr\\\/#organization\"},\"potentialAction\":[{\"@type\":\"SearchAction\",\"target\":{\"@type\":\"EntryPoint\",\"urlTemplate\":\"https:\\\/\\\/www.streetchildrenofkinshasa.org\\\/fr\\\/?s={search_term_string}\"},\"query-input\":{\"@type\":\"PropertyValueSpecification\",\"valueRequired\":true,\"valueName\":\"search_term_string\"}}],\"inLanguage\":\"fr-BE\"},{\"@type\":\"Organization\",\"@id\":\"https:\\\/\\\/www.streetchildrenofkinshasa.org\\\/fr\\\/#organization\",\"name\":\"Communaut\u00e9 du Chemin Neuf\",\"url\":\"https:\\\/\\\/www.streetchildrenofkinshasa.org\\\/fr\\\/\",\"logo\":{\"@type\":\"ImageObject\",\"inLanguage\":\"fr-BE\",\"@id\":\"https:\\\/\\\/www.streetchildrenofkinshasa.org\\\/fr\\\/#\\\/schema\\\/logo\\\/image\\\/\",\"url\":\"https:\\\/\\\/www.streetchildrenofkinshasa.org\\\/wp-content\\\/uploads\\\/2022\\\/05\\\/logo-cte-couleur_evide.png\",\"contentUrl\":\"https:\\\/\\\/www.streetchildrenofkinshasa.org\\\/wp-content\\\/uploads\\\/2022\\\/05\\\/logo-cte-couleur_evide.png\",\"width\":1280,\"height\":736,\"caption\":\"Communaut\u00e9 du Chemin Neuf\"},\"image\":{\"@id\":\"https:\\\/\\\/www.streetchildrenofkinshasa.org\\\/fr\\\/#\\\/schema\\\/logo\\\/image\\\/\"},\"sameAs\":[\"https:\\\/\\\/www.facebook.com\\\/enfantsdelaruedekinshasa\\\/\",\"https:\\\/\\\/www.youtube.com\\\/channel\\\/UCIDv6Uc3gdp1RP_HrlK5VHw\"]}]}<\/script>\n<!-- \/ Yoast SEO plugin. -->","yoast_head_json":{"title":"Notre vision concernantle travail avec les enfants de la rue - Ndako Ya Biso - Enfants de Kinshasa","description":"L'unit\u00e9 au c\u0153ur de notre vision du monde L'unit\u00e9 des familles \"L\u2019unit\u00e9 des hommes ne peut se construire que sur la base de l\u2019unit\u00e9 des familles. Face \u00e0 la","robots":{"index":"index","follow":"follow","max-snippet":"max-snippet:-1","max-image-preview":"max-image-preview:large","max-video-preview":"max-video-preview:-1"},"canonical":"https:\/\/www.streetchildrenofkinshasa.org\/fr\/qui-sommes-nous\/notre-vision\/","og_locale":"fr_FR","og_type":"article","og_title":"Notre vision concernantle travail avec les enfants de la rue - Ndako Ya Biso - Enfants de Kinshasa","og_description":"L'unit\u00e9 au c\u0153ur de notre vision du monde L'unit\u00e9 des familles \"L\u2019unit\u00e9 des hommes ne peut se construire que sur la base de l\u2019unit\u00e9 des familles. Face \u00e0 la","og_url":"https:\/\/www.streetchildrenofkinshasa.org\/fr\/qui-sommes-nous\/notre-vision\/","og_site_name":"Ndako Ya Biso - Enfants de Kinshasa","article_publisher":"https:\/\/www.facebook.com\/enfantsdelaruedekinshasa\/","article_modified_time":"2022-06-04T11:41:33+00:00","og_image":[{"width":1392,"height":928,"url":"https:\/\/www.streetchildrenofkinshasa.org\/wp-content\/uploads\/2022\/04\/Clin-doeil.jpg","type":"image\/jpeg"}],"twitter_card":"summary_large_image","twitter_misc":{"Dur\u00e9e de lecture est.":"8 minutes"},"schema":{"@context":"https:\/\/schema.org","@graph":[{"@type":"WebPage","@id":"https:\/\/www.streetchildrenofkinshasa.org\/fr\/qui-sommes-nous\/notre-vision\/","url":"https:\/\/www.streetchildrenofkinshasa.org\/fr\/qui-sommes-nous\/notre-vision\/","name":"Notre vision concernant le travail avec les enfants de la rue - Ndako Ya Biso - Enfants de Kinshasa","isPartOf":{"@id":"https:\/\/www.streetchildrenofkinshasa.org\/fr\/#website"},"primaryImageOfPage":{"@id":"https:\/\/www.streetchildrenofkinshasa.org\/fr\/qui-sommes-nous\/notre-vision\/#primaryimage"},"image":{"@id":"https:\/\/www.streetchildrenofkinshasa.org\/fr\/qui-sommes-nous\/notre-vision\/#primaryimage"},"thumbnailUrl":"https:\/\/www.streetchildrenofkinshasa.org\/wp-content\/uploads\/2022\/04\/Clin-doeil.jpg","datePublished":"2021-04-03T07:15:33+00:00","dateModified":"2022-06-04T11:41:33+00:00","description":"L'unit\u00e9 au c\u0153ur de notre vision du monde L'unit\u00e9 des familles \"L\u2019unit\u00e9 des hommes ne peut se construire que sur la base de l\u2019unit\u00e9 des familles. Face \u00e0 la","breadcrumb":{"@id":"https:\/\/www.streetchildrenofkinshasa.org\/fr\/qui-sommes-nous\/notre-vision\/#breadcrumb"},"inLanguage":"fr-BE","potentialAction":[{"@type":"ReadAction","target":["https:\/\/www.streetchildrenofkinshasa.org\/fr\/qui-sommes-nous\/notre-vision\/"]}]},{"@type":"ImageObject","inLanguage":"fr-BE","@id":"https:\/\/www.streetchildrenofkinshasa.org\/fr\/qui-sommes-nous\/notre-vision\/#primaryimage","url":"https:\/\/www.streetchildrenofkinshasa.org\/wp-content\/uploads\/2022\/04\/Clin-doeil.jpg","contentUrl":"https:\/\/www.streetchildrenofkinshasa.org\/wp-content\/uploads\/2022\/04\/Clin-doeil.jpg","width":1392,"height":928,"caption":"Notre vision du travail avec les enfants de la rue"},{"@type":"BreadcrumbList","@id":"https:\/\/www.streetchildrenofkinshasa.org\/fr\/qui-sommes-nous\/notre-vision\/#breadcrumb","itemListElement":[{"@type":"ListItem","position":1,"name":"Home","item":"https:\/\/www.streetchildrenofkinshasa.org\/fr\/"},{"@type":"ListItem","position":2,"name":"NOTRE HISTOIRE","item":"https:\/\/www.streetchildrenofkinshasa.org\/fr\/qui-sommes-nous\/"},{"@type":"ListItem","position":3,"name":"Notre vision concernantle travail avec les enfants de la rue"}]},{"@type":"WebSite","@id":"https:\/\/www.streetchildrenofkinshasa.org\/fr\/#website","url":"https:\/\/www.streetchildrenofkinshasa.org\/fr\/","name":"Ndako Ya Biso - Enfants de Kinshasa","description":"Donnons aux enfants des rues de Kinshasa un espoir et un avenir.","publisher":{"@id":"https:\/\/www.streetchildrenofkinshasa.org\/fr\/#organization"},"potentialAction":[{"@type":"SearchAction","target":{"@type":"EntryPoint","urlTemplate":"https:\/\/www.streetchildrenofkinshasa.org\/fr\/?s={search_term_string}"},"query-input":{"@type":"PropertyValueSpecification","valueRequired":true,"valueName":"search_term_string"}}],"inLanguage":"fr-BE"},{"@type":"Organization","@id":"https:\/\/www.streetchildrenofkinshasa.org\/fr\/#organization","name":"Communaut\u00e9 du Chemin Neuf","url":"https:\/\/www.streetchildrenofkinshasa.org\/fr\/","logo":{"@type":"ImageObject","inLanguage":"fr-BE","@id":"https:\/\/www.streetchildrenofkinshasa.org\/fr\/#\/schema\/logo\/image\/","url":"https:\/\/www.streetchildrenofkinshasa.org\/wp-content\/uploads\/2022\/05\/logo-cte-couleur_evide.png","contentUrl":"https:\/\/www.streetchildrenofkinshasa.org\/wp-content\/uploads\/2022\/05\/logo-cte-couleur_evide.png","width":1280,"height":736,"caption":"Communaut\u00e9 du Chemin Neuf"},"image":{"@id":"https:\/\/www.streetchildrenofkinshasa.org\/fr\/#\/schema\/logo\/image\/"},"sameAs":["https:\/\/www.facebook.com\/enfantsdelaruedekinshasa\/","https:\/\/www.youtube.com\/channel\/UCIDv6Uc3gdp1RP_HrlK5VHw"]}]}},"_links":{"self":[{"href":"https:\/\/www.streetchildrenofkinshasa.org\/fr\/wp-json\/wp\/v2\/pages\/1312","targetHints":{"allow":["GET"]}}],"collection":[{"href":"https:\/\/www.streetchildrenofkinshasa.org\/fr\/wp-json\/wp\/v2\/pages"}],"about":[{"href":"https:\/\/www.streetchildrenofkinshasa.org\/fr\/wp-json\/wp\/v2\/types\/page"}],"author":[{"embeddable":true,"href":"https:\/\/www.streetchildrenofkinshasa.org\/fr\/wp-json\/wp\/v2\/users\/11"}],"replies":[{"embeddable":true,"href":"https:\/\/www.streetchildrenofkinshasa.org\/fr\/wp-json\/wp\/v2\/comments?post=1312"}],"version-history":[{"count":23,"href":"https:\/\/www.streetchildrenofkinshasa.org\/fr\/wp-json\/wp\/v2\/pages\/1312\/revisions"}],"predecessor-version":[{"id":26458,"href":"https:\/\/www.streetchildrenofkinshasa.org\/fr\/wp-json\/wp\/v2\/pages\/1312\/revisions\/26458"}],"up":[{"embeddable":true,"href":"https:\/\/www.streetchildrenofkinshasa.org\/fr\/wp-json\/wp\/v2\/pages\/27143"}],"wp:featuredmedia":[{"embeddable":true,"href":"https:\/\/www.streetchildrenofkinshasa.org\/fr\/wp-json\/wp\/v2\/media\/25885"}],"wp:attachment":[{"href":"https:\/\/www.streetchildrenofkinshasa.org\/fr\/wp-json\/wp\/v2\/media?parent=1312"}],"curies":[{"name":"wp","href":"https:\/\/api.w.org\/{rel}","templated":true}]}}